{"id":13,"date":"2023-02-23T09:40:26","date_gmt":"2023-02-23T09:40:26","guid":{"rendered":"https:\/\/torredonjimenoactualidad.com\/?page_id=13"},"modified":"2023-03-05T11:11:40","modified_gmt":"2023-03-05T11:11:40","slug":"local","status":"publish","type":"page","link":"https:\/\/torredonjimenoactualidad.com\/index.php\/local\/","title":{"rendered":"LOCAL"},"content":{"rendered":"\t\t<div data-elementor-type=\"wp-page\" data-elementor-id=\"13\" class=\"elementor elementor-13\">\n\t\t\t\t\t\t\t\t\t<section class=\"elementor-section elementor-top-section elementor-element elementor-element-99f6112 elementor-section-boxed elementor-section-height-default elementor-section-height-default\" data-id=\"99f6112\" data-element_type=\"section\">\n\t\t\t\t\t\t<div class=\"elementor-container elementor-column-gap-default\">\n\t\t\t\t\t<div class=\"elementor-column elementor-col-66 elementor-top-column elementor-element elementor-element-eada97f\" data-id=\"eada97f\" data-element_type=\"column\">\n\t\t\t<div class=\"elementor-widget-wrap elementor-element-populated\">\n\t\t\t\t\t\t\t\t<div class=\"elementor-element elementor-element-a6ca0fb elementor-invisible elementor-widget elementor-widget-jw-headline\" data-id=\"a6ca0fb\" data-element_type=\"widget\" data-settings=\"{&quot;_animation&quot;:&quot;fadeInLeft&quot;}\" data-widget_type=\"jw-headline.default\">\n\t\t\t\t<div class=\"elementor-widget-container\">\n\t\t\t<h2 class=\"jw-headline jw-headline--direction-horizontal\"><span class=\"jw-headline__part jw-headline__first\"><span class=\"jw-headline__deco jw-headline__deco-icon jet-widgets-icon\"><i aria-hidden=\"true\" class=\"fas fa-arrow-circle-right\"><\/i><\/span><span class=\"jw-headline__label\">Noticias<\/span><\/span><span class=\"jw-headline__space\">&nbsp;<\/span><span class=\"jw-headline__part jw-headline__second\"><span class=\"jw-headline__label\">locales<\/span><\/span><span class=\"jw-headline__divider jw-headline__right-divider\"><\/span><\/h2>\t\t<\/div>\n\t\t\t\t<\/div>\n\t\t\t\t<div class=\"elementor-element elementor-element-60b97ab premium-blog-align-left elementor-widget elementor-widget-premium-addon-blog\" data-id=\"60b97ab\" data-element_type=\"widget\" data-settings=\"{&quot;force_height&quot;:&quot;true&quot;,&quot;premium_blog_columns_number&quot;:&quot;100%&quot;,&quot;premium_blog_grid&quot;:&quot;yes&quot;,&quot;premium_blog_layout&quot;:&quot;even&quot;,&quot;premium_blog_columns_number_tablet&quot;:&quot;50%&quot;,&quot;premium_blog_columns_number_mobile&quot;:&quot;100%&quot;}\" data-widget_type=\"premium-addon-blog.default\">\n\t\t\t\t<div class=\"elementor-widget-container\">\n\t\t\t\r\n\t\t\t\t<div class=\"premium-blog-wrap  premium-blog-even\" data-page=\"13\">\r\n\t\t\t\t\t<div class=\"premium-blog-post-outer-container\" data-total=\"53\">\r\n\t\t\t<div class=\"premium-blog-post-container premium-blog-skin-side\">\r\n\t\t\t\t\t\t\t\t\t<div class=\"premium-blog-thumb-effect-wrapper\">\r\n\t\t\t\t\t\t<div class=\"premium-blog-thumbnail-container premium-blog-zoomin-effect\">\r\n\t\t\t\t\t\t\t<img loading=\"lazy\" decoding=\"async\" width=\"2560\" height=\"1440\" src=\"https:\/\/torredonjimenoactualidad.com\/wp-content\/uploads\/2026\/08\/IMG_4626-scaled-1.jpg\" class=\"attachment-full size-full wp-image-4983\" alt=\"\" srcset=\"https:\/\/torredonjimenoactualidad.com\/wp-content\/uploads\/2026\/08\/IMG_4626-scaled-1.jpg 2560w, https:\/\/torredonjimenoactualidad.com\/wp-content\/uploads\/2026\/08\/IMG_4626-scaled-1-300x169.jpg 300w, https:\/\/torredonjimenoactualidad.com\/wp-content\/uploads\/2026\/08\/IMG_4626-scaled-1-1024x576.jpg 1024w, https:\/\/torredonjimenoactualidad.com\/wp-content\/uploads\/2026\/08\/IMG_4626-scaled-1-768x432.jpg 768w, https:\/\/torredonjimenoactualidad.com\/wp-content\/uploads\/2026\/08\/IMG_4626-scaled-1-1536x864.jpg 1536w, https:\/\/torredonjimenoactualidad.com\/wp-content\/uploads\/2026\/08\/IMG_4626-scaled-1-2048x1152.jpg 2048w\" sizes=\"auto, (max-width: 2560px) 100vw, 2560px\" \/>\t\t\t\t\t\t<\/div>\r\n\t\t\t\t\t\t\t\t\t\t\t\t\t<div class=\"premium-blog-thumbnail-overlay\">\r\n\t\t\t\t\t\t\t\t<a class=\"elementor-icon\" href=\"https:\/\/torredonjimenoactualidad.com\/index.php\/2026\/08\/28\/tres-jornadas-de-donacion-de-sangre-durante-el-mes-de-septiembre-en-torredonjimeno\/\" target=\"_self\" aria-hidden=\"true\"><span>Tres jornadas de donaci\u00f3n de sangre durante el mes de septiembre en Torredonjimeno<\/span><\/a>\r\n\t\t\t\t\t\t\t<\/div>\r\n\t\t\t\t\t\t\t\t\t\t\t<\/div>\r\n\t\t\t\t\t\t\t\t\t\t\t\t<div class=\"premium-blog-content-wrapper \">\r\n\r\n\t\t\t\t\t<div class=\"premium-blog-inner-container\">\r\n\r\n\t\t\t\t\t\t\t\t\t\t\t\t\t\t<h2 class=\"premium-blog-entry-title\">\r\n\t\t\t<a href=\"https:\/\/torredonjimenoactualidad.com\/index.php\/2026\/08\/28\/tres-jornadas-de-donacion-de-sangre-durante-el-mes-de-septiembre-en-torredonjimeno\/\" target=\"_self\">\r\n\t\t\t\tTres jornadas de donaci\u00f3n de sangre durante el mes de septiembre en Torredonjimeno\t\t\t<\/a>\r\n\t\t<\/h2>\r\n\t\t\t\t<div class=\"premium-blog-entry-meta\">\r\n\t\t\t\t\t\t\t<div class=\"premium-blog-post-author premium-blog-meta-data\">\r\n\t\t\t\t\t<i class=\"fa fa-user fa-fw\" aria-hidden=\"true\"><\/i>\r\n\t\t\t\t\t<a href=\"https:\/\/torredonjimenoactualidad.com\/index.php\/author\/jose-bueno\/\" rel=\"author\">Redaccion<\/a>\t\t\t\t<\/div>\r\n\t\t\t\r\n\t\t\t\t\t\t\t<span class=\"premium-blog-meta-separator\">\u2022<\/span>\r\n\t\t\t\t<div class=\"premium-blog-post-time premium-blog-meta-data\">\r\n\t\t\t\t\t<i class=\"fa fa-clock-o\" aria-hidden=\"true\"><\/i>\r\n\t\t\t\t\t<span>28 de agosto de 2026<\/span>\r\n\t\t\t\t<\/div>\r\n\t\t\t\r\n\t\t\t\r\n\t\t\t\t\t<\/div>\r\n\t\t\r\n\t\t\t\t\t<\/div>\r\n\r\n\t\t\t\t\t\t\t\t\t\t\r\n\t\t\t\t<\/div>\r\n\t\t\t<\/div>\r\n\t\t<\/div>\r\n\r\n\t\t\t\t<div class=\"premium-blog-post-outer-container\" data-total=\"53\">\r\n\t\t\t<div class=\"premium-blog-post-container premium-blog-skin-side\">\r\n\t\t\t\t\t\t\t\t\t<div class=\"premium-blog-thumb-effect-wrapper\">\r\n\t\t\t\t\t\t<div class=\"premium-blog-thumbnail-container premium-blog-zoomin-effect\">\r\n\t\t\t\t\t\t\t<img loading=\"lazy\" decoding=\"async\" width=\"2560\" height=\"1463\" src=\"https:\/\/torredonjimenoactualidad.com\/wp-content\/uploads\/2026\/08\/IMG_2578-scaled.jpg\" class=\"attachment-full size-full wp-image-4978\" alt=\"\" srcset=\"https:\/\/torredonjimenoactualidad.com\/wp-content\/uploads\/2026\/08\/IMG_2578-scaled.jpg 2560w, https:\/\/torredonjimenoactualidad.com\/wp-content\/uploads\/2026\/08\/IMG_2578-300x171.jpg 300w, https:\/\/torredonjimenoactualidad.com\/wp-content\/uploads\/2026\/08\/IMG_2578-1024x585.jpg 1024w, https:\/\/torredonjimenoactualidad.com\/wp-content\/uploads\/2026\/08\/IMG_2578-768x439.jpg 768w, https:\/\/torredonjimenoactualidad.com\/wp-content\/uploads\/2026\/08\/IMG_2578-1536x878.jpg 1536w, https:\/\/torredonjimenoactualidad.com\/wp-content\/uploads\/2026\/08\/IMG_2578-2048x1170.jpg 2048w\" sizes=\"auto, (max-width: 2560px) 100vw, 2560px\" \/>\t\t\t\t\t\t<\/div>\r\n\t\t\t\t\t\t\t\t\t\t\t\t\t<div class=\"premium-blog-thumbnail-overlay\">\r\n\t\t\t\t\t\t\t\t<a class=\"elementor-icon\" href=\"https:\/\/torredonjimenoactualidad.com\/index.php\/2026\/08\/27\/torredonjimeno-mejora-su-conectividad-movil-con-el-despliegue-de-las-redes-4g-y-5g\/\" target=\"_self\" aria-hidden=\"true\"><span>Torredonjimeno mejora su conectividad m\u00f3vil con el despliegue de las redes 4G y 5G<\/span><\/a>\r\n\t\t\t\t\t\t\t<\/div>\r\n\t\t\t\t\t\t\t\t\t\t\t<\/div>\r\n\t\t\t\t\t\t\t\t\t\t\t\t<div class=\"premium-blog-content-wrapper \">\r\n\r\n\t\t\t\t\t<div class=\"premium-blog-inner-container\">\r\n\r\n\t\t\t\t\t\t\t\t\t\t\t\t\t\t<h2 class=\"premium-blog-entry-title\">\r\n\t\t\t<a href=\"https:\/\/torredonjimenoactualidad.com\/index.php\/2026\/08\/27\/torredonjimeno-mejora-su-conectividad-movil-con-el-despliegue-de-las-redes-4g-y-5g\/\" target=\"_self\">\r\n\t\t\t\tTorredonjimeno mejora su conectividad m\u00f3vil con el despliegue de las redes 4G y 5G\t\t\t<\/a>\r\n\t\t<\/h2>\r\n\t\t\t\t<div class=\"premium-blog-entry-meta\">\r\n\t\t\t\t\t\t\t<div class=\"premium-blog-post-author premium-blog-meta-data\">\r\n\t\t\t\t\t<i class=\"fa fa-user fa-fw\" aria-hidden=\"true\"><\/i>\r\n\t\t\t\t\t<a href=\"https:\/\/torredonjimenoactualidad.com\/index.php\/author\/jose-bueno\/\" rel=\"author\">Redaccion<\/a>\t\t\t\t<\/div>\r\n\t\t\t\r\n\t\t\t\t\t\t\t<span class=\"premium-blog-meta-separator\">\u2022<\/span>\r\n\t\t\t\t<div class=\"premium-blog-post-time premium-blog-meta-data\">\r\n\t\t\t\t\t<i class=\"fa fa-clock-o\" aria-hidden=\"true\"><\/i>\r\n\t\t\t\t\t<span>27 de agosto de 2026<\/span>\r\n\t\t\t\t<\/div>\r\n\t\t\t\r\n\t\t\t\r\n\t\t\t\t\t<\/div>\r\n\t\t\r\n\t\t\t\t\t<\/div>\r\n\r\n\t\t\t\t\t\t\t\t\t\t\r\n\t\t\t\t<\/div>\r\n\t\t\t<\/div>\r\n\t\t<\/div>\r\n\r\n\t\t\t\t<div class=\"premium-blog-post-outer-container\" data-total=\"53\">\r\n\t\t\t<div class=\"premium-blog-post-container premium-blog-skin-side\">\r\n\t\t\t\t\t\t\t\t\t<div class=\"premium-blog-thumb-effect-wrapper\">\r\n\t\t\t\t\t\t<div class=\"premium-blog-thumbnail-container premium-blog-zoomin-effect\">\r\n\t\t\t\t\t\t\t<img loading=\"lazy\" decoding=\"async\" width=\"1903\" height=\"1088\" src=\"https:\/\/torredonjimenoactualidad.com\/wp-content\/uploads\/2026\/08\/99531aae-c839-4932-9a59-b2a3960b4b14.jpg\" class=\"attachment-full size-full wp-image-4972\" alt=\"\" srcset=\"https:\/\/torredonjimenoactualidad.com\/wp-content\/uploads\/2026\/08\/99531aae-c839-4932-9a59-b2a3960b4b14.jpg 1903w, https:\/\/torredonjimenoactualidad.com\/wp-content\/uploads\/2026\/08\/99531aae-c839-4932-9a59-b2a3960b4b14-300x172.jpg 300w, https:\/\/torredonjimenoactualidad.com\/wp-content\/uploads\/2026\/08\/99531aae-c839-4932-9a59-b2a3960b4b14-1024x585.jpg 1024w, https:\/\/torredonjimenoactualidad.com\/wp-content\/uploads\/2026\/08\/99531aae-c839-4932-9a59-b2a3960b4b14-768x439.jpg 768w, https:\/\/torredonjimenoactualidad.com\/wp-content\/uploads\/2026\/08\/99531aae-c839-4932-9a59-b2a3960b4b14-1536x878.jpg 1536w\" sizes=\"auto, (max-width: 1903px) 100vw, 1903px\" \/>\t\t\t\t\t\t<\/div>\r\n\t\t\t\t\t\t\t\t\t\t\t\t\t<div class=\"premium-blog-thumbnail-overlay\">\r\n\t\t\t\t\t\t\t\t<a class=\"elementor-icon\" href=\"https:\/\/torredonjimenoactualidad.com\/index.php\/2026\/08\/25\/reunion-para-coordina-el-dispositivo-de-seguridad-de-la-romeria-de-consolacion-2026\/\" target=\"_self\" aria-hidden=\"true\"><span>Reuni\u00f3n para coordina el dispositivo de seguridad de la Romer\u00eda de Consolaci\u00f3n 2026<\/span><\/a>\r\n\t\t\t\t\t\t\t<\/div>\r\n\t\t\t\t\t\t\t\t\t\t\t<\/div>\r\n\t\t\t\t\t\t\t\t\t\t\t\t<div class=\"premium-blog-content-wrapper \">\r\n\r\n\t\t\t\t\t<div class=\"premium-blog-inner-container\">\r\n\r\n\t\t\t\t\t\t\t\t\t\t\t\t\t\t<h2 class=\"premium-blog-entry-title\">\r\n\t\t\t<a href=\"https:\/\/torredonjimenoactualidad.com\/index.php\/2026\/08\/25\/reunion-para-coordina-el-dispositivo-de-seguridad-de-la-romeria-de-consolacion-2026\/\" target=\"_self\">\r\n\t\t\t\tReuni\u00f3n para coordina el dispositivo de seguridad de la Romer\u00eda de Consolaci\u00f3n 2026\t\t\t<\/a>\r\n\t\t<\/h2>\r\n\t\t\t\t<div class=\"premium-blog-entry-meta\">\r\n\t\t\t\t\t\t\t<div class=\"premium-blog-post-author premium-blog-meta-data\">\r\n\t\t\t\t\t<i class=\"fa fa-user fa-fw\" aria-hidden=\"true\"><\/i>\r\n\t\t\t\t\t<a href=\"https:\/\/torredonjimenoactualidad.com\/index.php\/author\/jose-bueno\/\" rel=\"author\">Redaccion<\/a>\t\t\t\t<\/div>\r\n\t\t\t\r\n\t\t\t\t\t\t\t<span class=\"premium-blog-meta-separator\">\u2022<\/span>\r\n\t\t\t\t<div class=\"premium-blog-post-time premium-blog-meta-data\">\r\n\t\t\t\t\t<i class=\"fa fa-clock-o\" aria-hidden=\"true\"><\/i>\r\n\t\t\t\t\t<span>25 de agosto de 2026<\/span>\r\n\t\t\t\t<\/div>\r\n\t\t\t\r\n\t\t\t\r\n\t\t\t\t\t<\/div>\r\n\t\t\r\n\t\t\t\t\t<\/div>\r\n\r\n\t\t\t\t\t\t\t\t\t\t\r\n\t\t\t\t<\/div>\r\n\t\t\t<\/div>\r\n\t\t<\/div>\r\n\r\n\t\t\t\t<div class=\"premium-blog-post-outer-container\" data-total=\"53\">\r\n\t\t\t<div class=\"premium-blog-post-container premium-blog-skin-side\">\r\n\t\t\t\t\t\t\t\t\t<div class=\"premium-blog-thumb-effect-wrapper\">\r\n\t\t\t\t\t\t<div class=\"premium-blog-thumbnail-container premium-blog-zoomin-effect\">\r\n\t\t\t\t\t\t\t<img loading=\"lazy\" decoding=\"async\" width=\"1825\" height=\"1043\" src=\"https:\/\/torredonjimenoactualidad.com\/wp-content\/uploads\/2026\/08\/IMG_0607.jpg\" class=\"attachment-full size-full wp-image-4966\" alt=\"\" srcset=\"https:\/\/torredonjimenoactualidad.com\/wp-content\/uploads\/2026\/08\/IMG_0607.jpg 1825w, https:\/\/torredonjimenoactualidad.com\/wp-content\/uploads\/2026\/08\/IMG_0607-300x171.jpg 300w, https:\/\/torredonjimenoactualidad.com\/wp-content\/uploads\/2026\/08\/IMG_0607-1024x585.jpg 1024w, https:\/\/torredonjimenoactualidad.com\/wp-content\/uploads\/2026\/08\/IMG_0607-768x439.jpg 768w, https:\/\/torredonjimenoactualidad.com\/wp-content\/uploads\/2026\/08\/IMG_0607-1536x878.jpg 1536w\" sizes=\"auto, (max-width: 1825px) 100vw, 1825px\" \/>\t\t\t\t\t\t<\/div>\r\n\t\t\t\t\t\t\t\t\t\t\t\t\t<div class=\"premium-blog-thumbnail-overlay\">\r\n\t\t\t\t\t\t\t\t<a class=\"elementor-icon\" href=\"https:\/\/torredonjimenoactualidad.com\/index.php\/2026\/08\/25\/el-ayuntamiento-de-torredonjimeno-presenta-el-cartel-y-la-programacion-de-la-romeria-2026-en-honor-a-la-virgen-de-consolacion\/\" target=\"_self\" aria-hidden=\"true\"><span>El Ayuntamiento de Torredonjimeno presenta el cartel y la programaci\u00f3n de la Romer\u00eda 2026 en honor a la Virgen de Consolaci\u00f3n<\/span><\/a>\r\n\t\t\t\t\t\t\t<\/div>\r\n\t\t\t\t\t\t\t\t\t\t\t<\/div>\r\n\t\t\t\t\t\t\t\t\t\t\t\t<div class=\"premium-blog-content-wrapper \">\r\n\r\n\t\t\t\t\t<div class=\"premium-blog-inner-container\">\r\n\r\n\t\t\t\t\t\t\t\t\t\t\t\t\t\t<h2 class=\"premium-blog-entry-title\">\r\n\t\t\t<a href=\"https:\/\/torredonjimenoactualidad.com\/index.php\/2026\/08\/25\/el-ayuntamiento-de-torredonjimeno-presenta-el-cartel-y-la-programacion-de-la-romeria-2026-en-honor-a-la-virgen-de-consolacion\/\" target=\"_self\">\r\n\t\t\t\tEl Ayuntamiento de Torredonjimeno presenta el cartel y la programaci\u00f3n de la Romer\u00eda 2026 en honor a la Virgen de Consolaci\u00f3n\t\t\t<\/a>\r\n\t\t<\/h2>\r\n\t\t\t\t<div class=\"premium-blog-entry-meta\">\r\n\t\t\t\t\t\t\t<div class=\"premium-blog-post-author premium-blog-meta-data\">\r\n\t\t\t\t\t<i class=\"fa fa-user fa-fw\" aria-hidden=\"true\"><\/i>\r\n\t\t\t\t\t<a href=\"https:\/\/torredonjimenoactualidad.com\/index.php\/author\/jose-bueno\/\" rel=\"author\">Redaccion<\/a>\t\t\t\t<\/div>\r\n\t\t\t\r\n\t\t\t\t\t\t\t<span class=\"premium-blog-meta-separator\">\u2022<\/span>\r\n\t\t\t\t<div class=\"premium-blog-post-time premium-blog-meta-data\">\r\n\t\t\t\t\t<i class=\"fa fa-clock-o\" aria-hidden=\"true\"><\/i>\r\n\t\t\t\t\t<span>25 de agosto de 2026<\/span>\r\n\t\t\t\t<\/div>\r\n\t\t\t\r\n\t\t\t\r\n\t\t\t\t\t<\/div>\r\n\t\t\r\n\t\t\t\t\t<\/div>\r\n\r\n\t\t\t\t\t\t\t\t\t\t\r\n\t\t\t\t<\/div>\r\n\t\t\t<\/div>\r\n\t\t<\/div>\r\n\r\n\t\t\t\t<div class=\"premium-blog-post-outer-container\" data-total=\"53\">\r\n\t\t\t<div class=\"premium-blog-post-container premium-blog-skin-side\">\r\n\t\t\t\t\t\t\t\t\t<div class=\"premium-blog-thumb-effect-wrapper\">\r\n\t\t\t\t\t\t<div class=\"premium-blog-thumbnail-container premium-blog-zoomin-effect\">\r\n\t\t\t\t\t\t\t<img loading=\"lazy\" decoding=\"async\" width=\"1200\" height=\"685\" src=\"https:\/\/torredonjimenoactualidad.com\/wp-content\/uploads\/2026\/08\/agentes-policia-nacional-RD04zN4rTJHr2uI18JF1NjK-1200x840@diario_abc.jpeg\" class=\"attachment-full size-full wp-image-4960\" alt=\"\" srcset=\"https:\/\/torredonjimenoactualidad.com\/wp-content\/uploads\/2026\/08\/agentes-policia-nacional-RD04zN4rTJHr2uI18JF1NjK-1200x840@diario_abc.jpeg 1200w, https:\/\/torredonjimenoactualidad.com\/wp-content\/uploads\/2026\/08\/agentes-policia-nacional-RD04zN4rTJHr2uI18JF1NjK-1200x840@diario_abc-300x171.jpeg 300w, https:\/\/torredonjimenoactualidad.com\/wp-content\/uploads\/2026\/08\/agentes-policia-nacional-RD04zN4rTJHr2uI18JF1NjK-1200x840@diario_abc-1024x585.jpeg 1024w, https:\/\/torredonjimenoactualidad.com\/wp-content\/uploads\/2026\/08\/agentes-policia-nacional-RD04zN4rTJHr2uI18JF1NjK-1200x840@diario_abc-768x438.jpeg 768w\" sizes=\"auto, (max-width: 1200px) 100vw, 1200px\" \/>\t\t\t\t\t\t<\/div>\r\n\t\t\t\t\t\t\t\t\t\t\t\t\t<div class=\"premium-blog-thumbnail-overlay\">\r\n\t\t\t\t\t\t\t\t<a class=\"elementor-icon\" href=\"https:\/\/torredonjimenoactualidad.com\/index.php\/2026\/08\/18\/torredonjimeno-en-el-origen-de-una-investigacion-policial-que-suma-65-detenidos-por-una-trama-de-inmigracion-ilegal\/\" target=\"_self\" aria-hidden=\"true\"><span>Torredonjimeno, en el origen de una investigaci\u00f3n policial que suma 65 detenidos por una trama de inmigraci\u00f3n ilegal<\/span><\/a>\r\n\t\t\t\t\t\t\t<\/div>\r\n\t\t\t\t\t\t\t\t\t\t\t<\/div>\r\n\t\t\t\t\t\t\t\t\t\t\t\t<div class=\"premium-blog-content-wrapper \">\r\n\r\n\t\t\t\t\t<div class=\"premium-blog-inner-container\">\r\n\r\n\t\t\t\t\t\t\t\t\t\t\t\t\t\t<h2 class=\"premium-blog-entry-title\">\r\n\t\t\t<a href=\"https:\/\/torredonjimenoactualidad.com\/index.php\/2026\/08\/18\/torredonjimeno-en-el-origen-de-una-investigacion-policial-que-suma-65-detenidos-por-una-trama-de-inmigracion-ilegal\/\" target=\"_self\">\r\n\t\t\t\tTorredonjimeno, en el origen de una investigaci\u00f3n policial que suma 65 detenidos por una trama de inmigraci\u00f3n ilegal\t\t\t<\/a>\r\n\t\t<\/h2>\r\n\t\t\t\t<div class=\"premium-blog-entry-meta\">\r\n\t\t\t\t\t\t\t<div class=\"premium-blog-post-author premium-blog-meta-data\">\r\n\t\t\t\t\t<i class=\"fa fa-user fa-fw\" aria-hidden=\"true\"><\/i>\r\n\t\t\t\t\t<a href=\"https:\/\/torredonjimenoactualidad.com\/index.php\/author\/jose-bueno\/\" rel=\"author\">Redaccion<\/a>\t\t\t\t<\/div>\r\n\t\t\t\r\n\t\t\t\t\t\t\t<span class=\"premium-blog-meta-separator\">\u2022<\/span>\r\n\t\t\t\t<div class=\"premium-blog-post-time premium-blog-meta-data\">\r\n\t\t\t\t\t<i class=\"fa fa-clock-o\" aria-hidden=\"true\"><\/i>\r\n\t\t\t\t\t<span>18 de agosto de 2026<\/span>\r\n\t\t\t\t<\/div>\r\n\t\t\t\r\n\t\t\t\r\n\t\t\t\t\t<\/div>\r\n\t\t\r\n\t\t\t\t\t<\/div>\r\n\r\n\t\t\t\t\t\t\t\t\t\t\r\n\t\t\t\t<\/div>\r\n\t\t\t<\/div>\r\n\t\t<\/div>\r\n\r\n\t\t\t\t<div class=\"premium-blog-post-outer-container\" data-total=\"53\">\r\n\t\t\t<div class=\"premium-blog-post-container premium-blog-skin-side\">\r\n\t\t\t\t\t\t\t\t\t<div class=\"premium-blog-thumb-effect-wrapper\">\r\n\t\t\t\t\t\t<div class=\"premium-blog-thumbnail-container premium-blog-zoomin-effect\">\r\n\t\t\t\t\t\t\t<img loading=\"lazy\" decoding=\"async\" width=\"1920\" height=\"1097\" src=\"https:\/\/torredonjimenoactualidad.com\/wp-content\/uploads\/2026\/08\/fotonoticia_20260817131557_1920.jpg\" class=\"attachment-full size-full wp-image-4957\" alt=\"\" srcset=\"https:\/\/torredonjimenoactualidad.com\/wp-content\/uploads\/2026\/08\/fotonoticia_20260817131557_1920.jpg 1920w, https:\/\/torredonjimenoactualidad.com\/wp-content\/uploads\/2026\/08\/fotonoticia_20260817131557_1920-300x171.jpg 300w, https:\/\/torredonjimenoactualidad.com\/wp-content\/uploads\/2026\/08\/fotonoticia_20260817131557_1920-1024x585.jpg 1024w, https:\/\/torredonjimenoactualidad.com\/wp-content\/uploads\/2026\/08\/fotonoticia_20260817131557_1920-768x439.jpg 768w, https:\/\/torredonjimenoactualidad.com\/wp-content\/uploads\/2026\/08\/fotonoticia_20260817131557_1920-1536x878.jpg 1536w\" sizes=\"auto, (max-width: 1920px) 100vw, 1920px\" \/>\t\t\t\t\t\t<\/div>\r\n\t\t\t\t\t\t\t\t\t\t\t\t\t<div class=\"premium-blog-thumbnail-overlay\">\r\n\t\t\t\t\t\t\t\t<a class=\"elementor-icon\" href=\"https:\/\/torredonjimenoactualidad.com\/index.php\/2026\/08\/17\/una-nueva-comunidad-solar-permitira-a-100-hogares-de-torredonjimeno-acceder-al-autoconsumo-renovable\/\" target=\"_self\" aria-hidden=\"true\"><span>Una nueva comunidad solar permitir\u00e1 a 100 hogares de Torredonjimeno acceder al autoconsumo renovable<\/span><\/a>\r\n\t\t\t\t\t\t\t<\/div>\r\n\t\t\t\t\t\t\t\t\t\t\t<\/div>\r\n\t\t\t\t\t\t\t\t\t\t\t\t<div class=\"premium-blog-content-wrapper \">\r\n\r\n\t\t\t\t\t<div class=\"premium-blog-inner-container\">\r\n\r\n\t\t\t\t\t\t\t\t\t\t\t\t\t\t<h2 class=\"premium-blog-entry-title\">\r\n\t\t\t<a href=\"https:\/\/torredonjimenoactualidad.com\/index.php\/2026\/08\/17\/una-nueva-comunidad-solar-permitira-a-100-hogares-de-torredonjimeno-acceder-al-autoconsumo-renovable\/\" target=\"_self\">\r\n\t\t\t\tUna nueva comunidad solar permitir\u00e1 a 100 hogares de Torredonjimeno acceder al autoconsumo renovable\t\t\t<\/a>\r\n\t\t<\/h2>\r\n\t\t\t\t<div class=\"premium-blog-entry-meta\">\r\n\t\t\t\t\t\t\t<div class=\"premium-blog-post-author premium-blog-meta-data\">\r\n\t\t\t\t\t<i class=\"fa fa-user fa-fw\" aria-hidden=\"true\"><\/i>\r\n\t\t\t\t\t<a href=\"https:\/\/torredonjimenoactualidad.com\/index.php\/author\/jose-bueno\/\" rel=\"author\">Redaccion<\/a>\t\t\t\t<\/div>\r\n\t\t\t\r\n\t\t\t\t\t\t\t<span class=\"premium-blog-meta-separator\">\u2022<\/span>\r\n\t\t\t\t<div class=\"premium-blog-post-time premium-blog-meta-data\">\r\n\t\t\t\t\t<i class=\"fa fa-clock-o\" aria-hidden=\"true\"><\/i>\r\n\t\t\t\t\t<span>17 de agosto de 2026<\/span>\r\n\t\t\t\t<\/div>\r\n\t\t\t\r\n\t\t\t\r\n\t\t\t\t\t<\/div>\r\n\t\t\r\n\t\t\t\t\t<\/div>\r\n\r\n\t\t\t\t\t\t\t\t\t\t\r\n\t\t\t\t<\/div>\r\n\t\t\t<\/div>\r\n\t\t<\/div>\r\n\r\n\t\t\t\t<\/div>\r\n\r\n\t\t\t\t<\/div>\n\t\t\t\t<\/div>\n\t\t\t\t\t<\/div>\n\t\t<\/div>\n\t\t\t\t<div class=\"elementor-column elementor-col-33 elementor-top-column elementor-element elementor-element-e81f302\" data-id=\"e81f302\" data-element_type=\"column\">\n\t\t\t<div class=\"elementor-widget-wrap elementor-element-populated\">\n\t\t\t\t\t\t\t\t<div class=\"elementor-element elementor-element-4cf70ff elementor-widget elementor-widget-facebook-page\" data-id=\"4cf70ff\" data-element_type=\"widget\" data-widget_type=\"facebook-page.default\">\n\t\t\t\t<div class=\"elementor-widget-container\">\n\t\t\t<style>\/*! elementor-pro - v3.13.0 - 08-05-2023 *\/\n.elementor-facebook-widget.fb_iframe_widget,.elementor-facebook-widget.fb_iframe_widget span{width:100%!important}.elementor-facebook-widget.fb_iframe_widget iframe{position:relative;width:100%!important}.elementor-facebook-widget.fb-like{height:1px}.elementor-widget-facebook-comments iframe{width:100%!important}<\/style><div class=\"elementor-facebook-widget fb-page\" data-href=\"https:\/\/www.facebook.com\/TorredelcampoActualidad\" data-tabs=\"timeline\" data-height=\"500px\" data-width=\"500px\" data-small-header=\"false\" data-hide-cover=\"false\" data-show-facepile=\"true\" data-hide-cta=\"true\" style=\"min-height: 1px;height:500px\"><\/div>\t\t<\/div>\n\t\t\t\t<\/div>\n\t\t\t\t<div class=\"elementor-element elementor-element-bb73903 elementor-widget elementor-widget-image\" data-id=\"bb73903\" data-element_type=\"widget\" data-widget_type=\"image.default\">\n\t\t\t\t<div class=\"elementor-widget-container\">\n\t\t\t<style>\/*! elementor - v3.13.3 - 22-05-2023 *\/\n.elementor-widget-image{text-align:center}.elementor-widget-image a{display:inline-block}.elementor-widget-image a img[src$=\".svg\"]{width:48px}.elementor-widget-image img{vertical-align:middle;display:inline-block}<\/style>\t\t\t\t\t\t\t\t\t\t\t\t<img loading=\"lazy\" decoding=\"async\" width=\"300\" height=\"279\" src=\"https:\/\/torredonjimenoactualidad.com\/wp-content\/uploads\/2023\/02\/ELECTRO-CHOLLAZO-222.gif\" class=\"attachment-large size-large wp-image-44\" alt=\"\" \/>\t\t\t\t\t\t\t\t\t\t\t\t\t\t\t<\/div>\n\t\t\t\t<\/div>\n\t\t\t\t<div class=\"elementor-element elementor-element-a05727b elementor-widget elementor-widget-image\" data-id=\"a05727b\" data-element_type=\"widget\" data-widget_type=\"image.default\">\n\t\t\t\t<div class=\"elementor-widget-container\">\n\t\t\t\t\t\t\t\t\t\t\t\t\t\t\t<img loading=\"lazy\" decoding=\"async\" width=\"500\" height=\"417\" src=\"https:\/\/torredonjimenoactualidad.com\/wp-content\/uploads\/2023\/02\/PIZZERIA-NOVIEMBRE.gif\" class=\"attachment-large size-large wp-image-42\" alt=\"\" \/>\t\t\t\t\t\t\t\t\t\t\t\t\t\t\t<\/div>\n\t\t\t\t<\/div>\n\t\t\t\t\t<\/div>\n\t\t<\/div>\n\t\t\t\t\t\t\t<\/div>\n\t\t<\/section>\n\t\t\t\t<section class=\"elementor-section elementor-top-section elementor-element elementor-element-d2113c7 elementor-section-boxed elementor-section-height-default elementor-section-height-default\" data-id=\"d2113c7\" data-element_type=\"section\" data-settings=\"{&quot;background_background&quot;:&quot;classic&quot;}\">\n\t\t\t\t\t\t<div class=\"elementor-container elementor-column-gap-default\">\n\t\t\t\t\t<div class=\"elementor-column elementor-col-100 elementor-top-column elementor-element elementor-element-4f8e682\" data-id=\"4f8e682\" data-element_type=\"column\">\n\t\t\t<div class=\"elementor-widget-wrap elementor-element-populated\">\n\t\t\t\t\t\t\t\t<div class=\"elementor-element elementor-element-bed46b4 elementor-widget elementor-widget-jw-headline\" data-id=\"bed46b4\" data-element_type=\"widget\" data-widget_type=\"jw-headline.default\">\n\t\t\t\t<div class=\"elementor-widget-container\">\n\t\t\t<h2 class=\"jw-headline jw-headline--direction-horizontal\"><span class=\"jw-headline__part jw-headline__first\"><span class=\"jw-headline__deco jw-headline__deco-icon jet-widgets-icon\"><i aria-hidden=\"true\" class=\"fas fa-arrow-circle-right\"><\/i><\/span><span class=\"jw-headline__label\">Te puede<\/span><\/span><span class=\"jw-headline__space\">&nbsp;<\/span><span class=\"jw-headline__part jw-headline__second\"><span class=\"jw-headline__label\">interesar<\/span><\/span><span class=\"jw-headline__divider jw-headline__right-divider\"><\/span><\/h2>\t\t<\/div>\n\t\t\t\t<\/div>\n\t\t\t\t<div class=\"elementor-element elementor-element-dadacd8 elementor-widget elementor-widget-prime-slider-fiestar\" data-id=\"dadacd8\" data-element_type=\"widget\" data-widget_type=\"prime-slider-fiestar.default\">\n\t\t\t\t<div class=\"elementor-widget-container\">\n\t\t\t    <div class=\"bdt-prime-slider\">\n        <div id=\"bdt-prime-slider-dadacd8\" class=\"bdt-fiestar-slider elementor-swiper\" data-settings=\"{&quot;autoplay&quot;:{&quot;delay&quot;:5000},&quot;loop&quot;:true,&quot;speed&quot;:500,&quot;slidesPerView&quot;:1,&quot;slidesPerGroup&quot;:1,&quot;centeredSlides&quot;:true,&quot;effect&quot;:&quot;slide&quot;,&quot;parallax&quot;:true,&quot;breakpoints&quot;:{&quot;767&quot;:{&quot;slidesPerView&quot;:3,&quot;spaceBetween&quot;:20,&quot;slidesPerGroup&quot;:1},&quot;1023&quot;:{&quot;slidesPerView&quot;:3,&quot;spaceBetween&quot;:20,&quot;slidesPerGroup&quot;:1}},&quot;navigation&quot;:{&quot;nextEl&quot;:&quot;#bdt-prime-slider-dadacd8 .bdt-navigation-next&quot;,&quot;prevEl&quot;:&quot;#bdt-prime-slider-dadacd8 .bdt-navigation-prev&quot;},&quot;lazy&quot;:{&quot;loadPrevNext&quot;:&quot;true&quot;}}\">\n            <div class=\"bdt-center-slider\">\n                <div class=\"swiper-wrapper\">\n                        <div class=\"bdt-item swiper-slide\">\n            <div class=\"bdt-img-wrap\">\n                <img loading=\"lazy\" decoding=\"async\" width=\"2560\" height=\"1440\" src=\"https:\/\/torredonjimenoactualidad.com\/wp-content\/uploads\/2026\/08\/IMG_4626-scaled-1.jpg\" class=\"bdt-img swiper-lazy\" alt=\"Tres jornadas de donaci\u00f3n de sangre durante el mes de septiembre en Torredonjimeno\" srcset=\"https:\/\/torredonjimenoactualidad.com\/wp-content\/uploads\/2026\/08\/IMG_4626-scaled-1.jpg 2560w, https:\/\/torredonjimenoactualidad.com\/wp-content\/uploads\/2026\/08\/IMG_4626-scaled-1-300x169.jpg 300w, https:\/\/torredonjimenoactualidad.com\/wp-content\/uploads\/2026\/08\/IMG_4626-scaled-1-1024x576.jpg 1024w, https:\/\/torredonjimenoactualidad.com\/wp-content\/uploads\/2026\/08\/IMG_4626-scaled-1-768x432.jpg 768w, https:\/\/torredonjimenoactualidad.com\/wp-content\/uploads\/2026\/08\/IMG_4626-scaled-1-1536x864.jpg 1536w, https:\/\/torredonjimenoactualidad.com\/wp-content\/uploads\/2026\/08\/IMG_4626-scaled-1-2048x1152.jpg 2048w\" sizes=\"auto, (max-width: 2560px) 100vw, 2560px\" \/>            <\/div>\n            <div class=\"bdt-content\">\n                        <div class=\"bdt-category\" data-reveal=\"reveal-active\">\n            <a href=\"https:\/\/torredonjimenoactualidad.com\/index.php\/category\/local\/\" rel=\"category tag\">local<\/a>        <\/div>\n                    <h3 class=\"bdt-title\" data-reveal=\"reveal-active\" >\n                    <a href=\"https:\/\/torredonjimenoactualidad.com\/index.php\/2026\/08\/28\/tres-jornadas-de-donacion-de-sangre-durante-el-mes-de-septiembre-en-torredonjimeno\/\" title=\"Tres jornadas de donaci\u00f3n de sangre durante el mes de septiembre en Torredonjimeno\">\n                        Tres jornadas de donaci\u00f3n de sangre durante el mes de septiembre en Torredonjimeno\n                    <\/a>\n                <\/h3>            <\/div>\n                    <\/div>\n            <div class=\"bdt-item swiper-slide\">\n            <div class=\"bdt-img-wrap\">\n                <img loading=\"lazy\" decoding=\"async\" width=\"1920\" height=\"996\" src=\"https:\/\/torredonjimenoactualidad.com\/wp-content\/uploads\/2026\/01\/fotonoticia_20260102124325_1920.jpg\" class=\"bdt-img swiper-lazy\" alt=\"\u00a0Las ayudas de la Diputaci\u00f3n en materia social, de igualdad y juventud benefician a 146 entidades\" srcset=\"https:\/\/torredonjimenoactualidad.com\/wp-content\/uploads\/2026\/01\/fotonoticia_20260102124325_1920.jpg 1920w, https:\/\/torredonjimenoactualidad.com\/wp-content\/uploads\/2026\/01\/fotonoticia_20260102124325_1920-300x156.jpg 300w, https:\/\/torredonjimenoactualidad.com\/wp-content\/uploads\/2026\/01\/fotonoticia_20260102124325_1920-1024x531.jpg 1024w, https:\/\/torredonjimenoactualidad.com\/wp-content\/uploads\/2026\/01\/fotonoticia_20260102124325_1920-768x398.jpg 768w, https:\/\/torredonjimenoactualidad.com\/wp-content\/uploads\/2026\/01\/fotonoticia_20260102124325_1920-1536x797.jpg 1536w\" sizes=\"auto, (max-width: 1920px) 100vw, 1920px\" \/>            <\/div>\n            <div class=\"bdt-content\">\n                        <div class=\"bdt-category\" data-reveal=\"reveal-active\">\n            <a href=\"https:\/\/torredonjimenoactualidad.com\/index.php\/category\/provincia\/\" rel=\"category tag\">provincia<\/a>        <\/div>\n                    <h3 class=\"bdt-title\" data-reveal=\"reveal-active\" >\n                    <a href=\"https:\/\/torredonjimenoactualidad.com\/index.php\/2026\/08\/27\/las-ayudas-de-la-diputacion-en-materia-social-de-igualdad-y-juventud-benefician-a-146-entidades\/\" title=\"\u00a0Las ayudas de la Diputaci\u00f3n en materia social, de igualdad y juventud benefician a 146 entidades\">\n                        \u00a0Las ayudas de la Diputaci\u00f3n en materia social, de igualdad y juventud benefician a 146 entidades\n                    <\/a>\n                <\/h3>            <\/div>\n                    <\/div>\n            <div class=\"bdt-item swiper-slide\">\n            <div class=\"bdt-img-wrap\">\n                <img loading=\"lazy\" decoding=\"async\" width=\"2560\" height=\"1463\" src=\"https:\/\/torredonjimenoactualidad.com\/wp-content\/uploads\/2026\/08\/IMG_2578-scaled.jpg\" class=\"bdt-img swiper-lazy\" alt=\"Torredonjimeno mejora su conectividad m\u00f3vil con el despliegue de las redes 4G y 5G\" srcset=\"https:\/\/torredonjimenoactualidad.com\/wp-content\/uploads\/2026\/08\/IMG_2578-scaled.jpg 2560w, https:\/\/torredonjimenoactualidad.com\/wp-content\/uploads\/2026\/08\/IMG_2578-300x171.jpg 300w, https:\/\/torredonjimenoactualidad.com\/wp-content\/uploads\/2026\/08\/IMG_2578-1024x585.jpg 1024w, https:\/\/torredonjimenoactualidad.com\/wp-content\/uploads\/2026\/08\/IMG_2578-768x439.jpg 768w, https:\/\/torredonjimenoactualidad.com\/wp-content\/uploads\/2026\/08\/IMG_2578-1536x878.jpg 1536w, https:\/\/torredonjimenoactualidad.com\/wp-content\/uploads\/2026\/08\/IMG_2578-2048x1170.jpg 2048w\" sizes=\"auto, (max-width: 2560px) 100vw, 2560px\" \/>            <\/div>\n            <div class=\"bdt-content\">\n                        <div class=\"bdt-category\" data-reveal=\"reveal-active\">\n            <a href=\"https:\/\/torredonjimenoactualidad.com\/index.php\/category\/local\/\" rel=\"category tag\">local<\/a>        <\/div>\n                    <h3 class=\"bdt-title\" data-reveal=\"reveal-active\" >\n                    <a href=\"https:\/\/torredonjimenoactualidad.com\/index.php\/2026\/08\/27\/torredonjimeno-mejora-su-conectividad-movil-con-el-despliegue-de-las-redes-4g-y-5g\/\" title=\"Torredonjimeno mejora su conectividad m\u00f3vil con el despliegue de las redes 4G y 5G\">\n                        Torredonjimeno mejora su conectividad m\u00f3vil con el despliegue de las redes 4G y 5G\n                    <\/a>\n                <\/h3>            <\/div>\n                    <\/div>\n            <div class=\"bdt-item swiper-slide\">\n            <div class=\"bdt-img-wrap\">\n                <img loading=\"lazy\" decoding=\"async\" width=\"1920\" height=\"1097\" src=\"https:\/\/torredonjimenoactualidad.com\/wp-content\/uploads\/2026\/08\/fotonoticia_20260825185029_1920.jpg\" class=\"bdt-img swiper-lazy\" alt=\"Especialistas del Hospital de Ja\u00e9n recomiendan prevenir la deshidrataci\u00f3n en personas mayores\" srcset=\"https:\/\/torredonjimenoactualidad.com\/wp-content\/uploads\/2026\/08\/fotonoticia_20260825185029_1920.jpg 1920w, https:\/\/torredonjimenoactualidad.com\/wp-content\/uploads\/2026\/08\/fotonoticia_20260825185029_1920-300x171.jpg 300w, https:\/\/torredonjimenoactualidad.com\/wp-content\/uploads\/2026\/08\/fotonoticia_20260825185029_1920-1024x585.jpg 1024w, https:\/\/torredonjimenoactualidad.com\/wp-content\/uploads\/2026\/08\/fotonoticia_20260825185029_1920-768x439.jpg 768w, https:\/\/torredonjimenoactualidad.com\/wp-content\/uploads\/2026\/08\/fotonoticia_20260825185029_1920-1536x878.jpg 1536w\" sizes=\"auto, (max-width: 1920px) 100vw, 1920px\" \/>            <\/div>\n            <div class=\"bdt-content\">\n                        <div class=\"bdt-category\" data-reveal=\"reveal-active\">\n            <a href=\"https:\/\/torredonjimenoactualidad.com\/index.php\/category\/provincia\/\" rel=\"category tag\">provincia<\/a>        <\/div>\n                    <h3 class=\"bdt-title\" data-reveal=\"reveal-active\" >\n                    <a href=\"https:\/\/torredonjimenoactualidad.com\/index.php\/2026\/08\/25\/especialistas-del-hospital-de-jaen-recomiendan-prevenir-la-deshidratacion-en-personas-mayores\/\" title=\"Especialistas del Hospital de Ja\u00e9n recomiendan prevenir la deshidrataci\u00f3n en personas mayores\">\n                        Especialistas del Hospital de Ja\u00e9n recomiendan prevenir la deshidrataci\u00f3n en personas mayores\n                    <\/a>\n                <\/h3>            <\/div>\n                    <\/div>\n            <div class=\"bdt-item swiper-slide\">\n            <div class=\"bdt-img-wrap\">\n                <img loading=\"lazy\" decoding=\"async\" width=\"1903\" height=\"1088\" src=\"https:\/\/torredonjimenoactualidad.com\/wp-content\/uploads\/2026\/08\/99531aae-c839-4932-9a59-b2a3960b4b14.jpg\" class=\"bdt-img swiper-lazy\" alt=\"Reuni\u00f3n para coordina el dispositivo de seguridad de la Romer\u00eda de Consolaci\u00f3n 2026\" srcset=\"https:\/\/torredonjimenoactualidad.com\/wp-content\/uploads\/2026\/08\/99531aae-c839-4932-9a59-b2a3960b4b14.jpg 1903w, https:\/\/torredonjimenoactualidad.com\/wp-content\/uploads\/2026\/08\/99531aae-c839-4932-9a59-b2a3960b4b14-300x172.jpg 300w, https:\/\/torredonjimenoactualidad.com\/wp-content\/uploads\/2026\/08\/99531aae-c839-4932-9a59-b2a3960b4b14-1024x585.jpg 1024w, https:\/\/torredonjimenoactualidad.com\/wp-content\/uploads\/2026\/08\/99531aae-c839-4932-9a59-b2a3960b4b14-768x439.jpg 768w, https:\/\/torredonjimenoactualidad.com\/wp-content\/uploads\/2026\/08\/99531aae-c839-4932-9a59-b2a3960b4b14-1536x878.jpg 1536w\" sizes=\"auto, (max-width: 1903px) 100vw, 1903px\" \/>            <\/div>\n            <div class=\"bdt-content\">\n                        <div class=\"bdt-category\" data-reveal=\"reveal-active\">\n            <a href=\"https:\/\/torredonjimenoactualidad.com\/index.php\/category\/local\/\" rel=\"category tag\">local<\/a>        <\/div>\n                    <h3 class=\"bdt-title\" data-reveal=\"reveal-active\" >\n                    <a href=\"https:\/\/torredonjimenoactualidad.com\/index.php\/2026\/08\/25\/reunion-para-coordina-el-dispositivo-de-seguridad-de-la-romeria-de-consolacion-2026\/\" title=\"Reuni\u00f3n para coordina el dispositivo de seguridad de la Romer\u00eda de Consolaci\u00f3n 2026\">\n                        Reuni\u00f3n para coordina el dispositivo de seguridad de la Romer\u00eda de Consolaci\u00f3n 2026\n                    <\/a>\n                <\/h3>            <\/div>\n                    <\/div>\n                    <\/div>\n\n                <div class=\"bdt-navigation-wrap reveal-muted\">\n                    <div class=\"bdt-navigation-prev\">\n                        <i class=\"ps-wi-arrow-left\"><\/i>\n                    <\/div>\n                    <div class=\"bdt-navigation-next\">\n                        <i class=\"ps-wi-arrow-right\"><\/i>\n                    <\/div>\n                <\/div>\n\n            <\/div>\n        <\/div>\n    <\/div>\n    \t\t<\/div>\n\t\t\t\t<\/div>\n\t\t\t\t\t<\/div>\n\t\t<\/div>\n\t\t\t\t\t\t\t<\/div>\n\t\t<\/section>\n\t\t\t\t\t\t\t<\/div>\n\t\t","protected":false},"excerpt":{"rendered":"<p>Noticias&nbsp;locales La consulta actual no tiene entradas. Por favor, aseg\u00farate de que has publicado art\u00edculos que coincidan con tu consulta. Te puede&nbsp;interesar Sin categor\u00eda Diputaci\u00f3n destinar\u00e1 diez millones para reducir los residuos que acaban en los vertederos Sin categor\u00eda Primer parque canino en Torredelcampo Sin categor\u00eda Dos detenidas en Martos acusadas de robar a un &hellip;<\/p>\n<p class=\"read-more\"> <a class=\"\" href=\"https:\/\/torredonjimenoactualidad.com\/index.php\/2026\/08\/25\/reunion-para-coordina-el-dispositivo-de-seguridad-de-la-romeria-de-consolacion-2026\/\"> <span class=\"screen-reader-text\">Reuni\u00f3n para coordina el dispositivo de seguridad de la Romer\u00eda de Consolaci\u00f3n 2026<\/span> Leer m\u00e1s &raquo;<\/a><\/p>\n","protected":false},"author":1,"featured_media":0,"parent":0,"menu_order":0,"comment_status":"closed","ping_status":"closed","template":"","meta":{"site-sidebar-layout":"no-sidebar","site-content-layout":"page-builder","ast-global-header-display":"","ast-main-header-display":"","ast-hfb-above-header-display":"","ast-hfb-below-header-display":"","ast-hfb-mobile-header-display":"","site-post-title":"disabled","ast-breadcrumbs-content":"","ast-featured-img":"disabled","footer-sml-layout":"","theme-transparent-header-meta":"","adv-header-id-meta":"","stick-header-meta":"","header-above-stick-meta":"","header-main-stick-meta":"","header-below-stick-meta":"","footnotes":""},"class_list":["post-13","page","type-page","status-publish","hentry"],"yoast_head":"<!-- This site is optimized with the Yoast SEO plugin v20.8 - https:\/\/yoast.com\/wordpress\/plugins\/seo\/ -->\n<title>LOCAL - Torredonjimeno Actualidad<\/title>\n<meta name=\"robots\" content=\"index, follow, max-snippet:-1, max-image-preview:large, max-video-preview:-1\" \/>\n<link rel=\"canonical\" href=\"https:\/\/torredonjimenoactualidad.com\/index.php\/local\/\" \/>\n<meta property=\"og:locale\" content=\"es_ES\" \/>\n<meta property=\"og:type\" content=\"article\" \/>\n<meta property=\"og:title\" content=\"LOCAL - Torredonjimeno Actualidad\" \/>\n<meta property=\"og:description\" content=\"Noticias&nbsp;locales La consulta actual no tiene entradas. Por favor, aseg\u00farate de que has publicado art\u00edculos que coincidan con tu consulta. Te puede&nbsp;interesar Sin categor\u00eda Diputaci\u00f3n destinar\u00e1 diez millones para reducir los residuos que acaban en los vertederos Sin categor\u00eda Primer parque canino en Torredelcampo Sin categor\u00eda Dos detenidas en Martos acusadas de robar a un &hellip; Reuni\u00f3n para coordina el dispositivo de seguridad de la Romer\u00eda de Consolaci\u00f3n 2026 Leer m\u00e1s &raquo;\" \/>\n<meta property=\"og:url\" content=\"https:\/\/torredonjimenoactualidad.com\/index.php\/local\/\" \/>\n<meta property=\"og:site_name\" content=\"Torredonjimeno Actualidad\" \/>\n<meta property=\"article:modified_time\" content=\"2023-03-05T11:11:40+00:00\" \/>\n<meta property=\"og:image\" content=\"https:\/\/torredonjimenoactualidad.com\/wp-content\/uploads\/2023\/02\/ELECTRO-CHOLLAZO-222.gif\" \/>\n<meta name=\"twitter:card\" content=\"summary_large_image\" \/>\n<script type=\"application\/ld+json\" class=\"yoast-schema-graph\">{\"@context\":\"https:\/\/schema.org\",\"@graph\":[{\"@type\":\"WebPage\",\"@id\":\"https:\/\/torredonjimenoactualidad.com\/index.php\/local\/\",\"url\":\"https:\/\/torredonjimenoactualidad.com\/index.php\/local\/\",\"name\":\"LOCAL - Torredonjimeno Actualidad\",\"isPartOf\":{\"@id\":\"https:\/\/torredonjimenoactualidad.com\/#website\"},\"datePublished\":\"2023-02-23T09:40:26+00:00\",\"dateModified\":\"2023-03-05T11:11:40+00:00\",\"breadcrumb\":{\"@id\":\"https:\/\/torredonjimenoactualidad.com\/index.php\/local\/#breadcrumb\"},\"inLanguage\":\"es\",\"potentialAction\":[{\"@type\":\"ReadAction\",\"target\":[\"https:\/\/torredonjimenoactualidad.com\/index.php\/local\/\"]}]},{\"@type\":\"BreadcrumbList\",\"@id\":\"https:\/\/torredonjimenoactualidad.com\/index.php\/local\/#breadcrumb\",\"itemListElement\":[{\"@type\":\"ListItem\",\"position\":1,\"name\":\"Portada\",\"item\":\"https:\/\/torredonjimenoactualidad.com\/\"},{\"@type\":\"ListItem\",\"position\":2,\"name\":\"LOCAL\"}]},{\"@type\":\"WebSite\",\"@id\":\"https:\/\/torredonjimenoactualidad.com\/#website\",\"url\":\"https:\/\/torredonjimenoactualidad.com\/\",\"name\":\"Torredonjimeno Actualidad\",\"description\":\"\",\"publisher\":{\"@id\":\"https:\/\/torredonjimenoactualidad.com\/#organization\"},\"potentialAction\":[{\"@type\":\"SearchAction\",\"target\":{\"@type\":\"EntryPoint\",\"urlTemplate\":\"https:\/\/torredonjimenoactualidad.com\/?s={search_term_string}\"},\"query-input\":\"required name=search_term_string\"}],\"inLanguage\":\"es\"},{\"@type\":\"Organization\",\"@id\":\"https:\/\/torredonjimenoactualidad.com\/#organization\",\"name\":\"Torredonjimeno Actualidad\",\"url\":\"https:\/\/torredonjimenoactualidad.com\/\",\"logo\":{\"@type\":\"ImageObject\",\"inLanguage\":\"es\",\"@id\":\"https:\/\/torredonjimenoactualidad.com\/#\/schema\/logo\/image\/\",\"url\":\"https:\/\/torredonjimenoactualidad.com\/wp-content\/uploads\/2023\/02\/logo-torredonjimeno-544x180-1.png\",\"contentUrl\":\"https:\/\/torredonjimenoactualidad.com\/wp-content\/uploads\/2023\/02\/logo-torredonjimeno-544x180-1.png\",\"width\":545,\"height\":112,\"caption\":\"Torredonjimeno Actualidad\"},\"image\":{\"@id\":\"https:\/\/torredonjimenoactualidad.com\/#\/schema\/logo\/image\/\"}}]}<\/script>\n<!-- \/ Yoast SEO plugin. -->","yoast_head_json":{"title":"LOCAL - Torredonjimeno Actualidad","robots":{"index":"index","follow":"follow","max-snippet":"max-snippet:-1","max-image-preview":"max-image-preview:large","max-video-preview":"max-video-preview:-1"},"canonical":"https:\/\/torredonjimenoactualidad.com\/index.php\/local\/","og_locale":"es_ES","og_type":"article","og_title":"LOCAL - Torredonjimeno Actualidad","og_description":"Noticias&nbsp;locales La consulta actual no tiene entradas. Por favor, aseg\u00farate de que has publicado art\u00edculos que coincidan con tu consulta. Te puede&nbsp;interesar Sin categor\u00eda Diputaci\u00f3n destinar\u00e1 diez millones para reducir los residuos que acaban en los vertederos Sin categor\u00eda Primer parque canino en Torredelcampo Sin categor\u00eda Dos detenidas en Martos acusadas de robar a un &hellip; Reuni\u00f3n para coordina el dispositivo de seguridad de la Romer\u00eda de Consolaci\u00f3n 2026 Leer m\u00e1s &raquo;","og_url":"https:\/\/torredonjimenoactualidad.com\/index.php\/local\/","og_site_name":"Torredonjimeno Actualidad","article_modified_time":"2023-03-05T11:11:40+00:00","og_image":[{"url":"https:\/\/torredonjimenoactualidad.com\/wp-content\/uploads\/2023\/02\/ELECTRO-CHOLLAZO-222.gif"}],"twitter_card":"summary_large_image","schema":{"@context":"https:\/\/schema.org","@graph":[{"@type":"WebPage","@id":"https:\/\/torredonjimenoactualidad.com\/index.php\/local\/","url":"https:\/\/torredonjimenoactualidad.com\/index.php\/local\/","name":"LOCAL - Torredonjimeno Actualidad","isPartOf":{"@id":"https:\/\/torredonjimenoactualidad.com\/#website"},"datePublished":"2023-02-23T09:40:26+00:00","dateModified":"2023-03-05T11:11:40+00:00","breadcrumb":{"@id":"https:\/\/torredonjimenoactualidad.com\/index.php\/local\/#breadcrumb"},"inLanguage":"es","potentialAction":[{"@type":"ReadAction","target":["https:\/\/torredonjimenoactualidad.com\/index.php\/local\/"]}]},{"@type":"BreadcrumbList","@id":"https:\/\/torredonjimenoactualidad.com\/index.php\/local\/#breadcrumb","itemListElement":[{"@type":"ListItem","position":1,"name":"Portada","item":"https:\/\/torredonjimenoactualidad.com\/"},{"@type":"ListItem","position":2,"name":"LOCAL"}]},{"@type":"WebSite","@id":"https:\/\/torredonjimenoactualidad.com\/#website","url":"https:\/\/torredonjimenoactualidad.com\/","name":"Torredonjimeno Actualidad","description":"","publisher":{"@id":"https:\/\/torredonjimenoactualidad.com\/#organization"},"potentialAction":[{"@type":"SearchAction","target":{"@type":"EntryPoint","urlTemplate":"https:\/\/torredonjimenoactualidad.com\/?s={search_term_string}"},"query-input":"required name=search_term_string"}],"inLanguage":"es"},{"@type":"Organization","@id":"https:\/\/torredonjimenoactualidad.com\/#organization","name":"Torredonjimeno Actualidad","url":"https:\/\/torredonjimenoactualidad.com\/","logo":{"@type":"ImageObject","inLanguage":"es","@id":"https:\/\/torredonjimenoactualidad.com\/#\/schema\/logo\/image\/","url":"https:\/\/torredonjimenoactualidad.com\/wp-content\/uploads\/2023\/02\/logo-torredonjimeno-544x180-1.png","contentUrl":"https:\/\/torredonjimenoactualidad.com\/wp-content\/uploads\/2023\/02\/logo-torredonjimeno-544x180-1.png","width":545,"height":112,"caption":"Torredonjimeno Actualidad"},"image":{"@id":"https:\/\/torredonjimenoactualidad.com\/#\/schema\/logo\/image\/"}}]}},"_links":{"self":[{"href":"https:\/\/torredonjimenoactualidad.com\/index.php\/wp-json\/wp\/v2\/pages\/13","targetHints":{"allow":["GET"]}}],"collection":[{"href":"https:\/\/torredonjimenoactualidad.com\/index.php\/wp-json\/wp\/v2\/pages"}],"about":[{"href":"https:\/\/torredonjimenoactualidad.com\/index.php\/wp-json\/wp\/v2\/types\/page"}],"author":[{"embeddable":true,"href":"https:\/\/torredonjimenoactualidad.com\/index.php\/wp-json\/wp\/v2\/users\/1"}],"replies":[{"embeddable":true,"href":"https:\/\/torredonjimenoactualidad.com\/index.php\/wp-json\/wp\/v2\/comments?post=13"}],"version-history":[{"count":16,"href":"https:\/\/torredonjimenoactualidad.com\/index.php\/wp-json\/wp\/v2\/pages\/13\/revisions"}],"predecessor-version":[{"id":280,"href":"https:\/\/torredonjimenoactualidad.com\/index.php\/wp-json\/wp\/v2\/pages\/13\/revisions\/280"}],"wp:attachment":[{"href":"https:\/\/torredonjimenoactualidad.com\/index.php\/wp-json\/wp\/v2\/media?parent=13"}],"curies":[{"name":"wp","href":"https:\/\/api.w.org\/{rel}","templated":true}]}}