{"id":10,"date":"2023-02-23T09:40:13","date_gmt":"2023-02-23T09:40:13","guid":{"rendered":"https:\/\/torredonjimenoactualidad.com\/?page_id=10"},"modified":"2026-08-03T05:04:48","modified_gmt":"2026-08-03T05:04:48","slug":"inicio","status":"publish","type":"page","link":"https:\/\/torredonjimenoactualidad.com\/","title":{"rendered":"INICIO"},"content":{"rendered":"\t\t<div data-elementor-type=\"wp-page\" data-elementor-id=\"10\" class=\"elementor elementor-10\">\n\t\t\t\t\t\t\t\t\t<section class=\"elementor-section elementor-top-section elementor-element elementor-element-d557cab elementor-section-boxed elementor-section-height-default elementor-section-height-default\" data-id=\"d557cab\" data-element_type=\"section\">\n\t\t\t\t\t\t<div class=\"elementor-container elementor-column-gap-default\">\n\t\t\t\t\t<div class=\"elementor-column elementor-col-100 elementor-top-column elementor-element elementor-element-ffdd207\" data-id=\"ffdd207\" data-element_type=\"column\">\n\t\t\t<div class=\"elementor-widget-wrap elementor-element-populated\">\n\t\t\t\t\t\t\t\t<div class=\"elementor-element elementor-element-a2ac910 elementor-widget elementor-widget-image\" data-id=\"a2ac910\" data-element_type=\"widget\" data-widget_type=\"image.default\">\n\t\t\t\t<div class=\"elementor-widget-container\">\n\t\t\t<style>\/*! elementor - v3.13.3 - 22-05-2023 *\/\n.elementor-widget-image{text-align:center}.elementor-widget-image a{display:inline-block}.elementor-widget-image a img[src$=\".svg\"]{width:48px}.elementor-widget-image img{vertical-align:middle;display:inline-block}<\/style>\t\t\t\t\t\t\t\t\t\t\t\t\t<a href=\"https:\/\/policlinicalamuralla.com\">\n\t\t\t\t\t\t\t<img loading=\"lazy\" decoding=\"async\" width=\"970\" height=\"80\" src=\"https:\/\/torredonjimenoactualidad.com\/wp-content\/uploads\/2023\/03\/LA-MURA-1-enero23.gif\" class=\"attachment-full size-full wp-image-78\" alt=\"\" \/>\t\t\t\t\t\t\t\t<\/a>\n\t\t\t\t\t\t\t\t\t\t\t\t\t\t\t<\/div>\n\t\t\t\t<\/div>\n\t\t\t\t\t<\/div>\n\t\t<\/div>\n\t\t\t\t\t\t\t<\/div>\n\t\t<\/section>\n\t\t\t\t<section class=\"elementor-section elementor-top-section elementor-element elementor-element-082479a elementor-section-boxed elementor-section-height-default elementor-section-height-default\" data-id=\"082479a\" data-element_type=\"section\">\n\t\t\t\t\t\t<div class=\"elementor-container elementor-column-gap-default\">\n\t\t\t\t\t<div class=\"elementor-column elementor-col-66 elementor-top-column elementor-element elementor-element-2418137\" data-id=\"2418137\" data-element_type=\"column\">\n\t\t\t<div class=\"elementor-widget-wrap elementor-element-populated\">\n\t\t\t\t\t\t\t\t<div class=\"elementor-element elementor-element-f343939 premium-blog-align-left elementor-widget elementor-widget-premium-addon-blog\" data-id=\"f343939\" data-element_type=\"widget\" data-widget_type=\"premium-addon-blog.default\">\n\t\t\t\t<div class=\"elementor-widget-container\">\n\t\t\t\r\n\t\t\t\t<div class=\"premium-blog-wrap  premium-blog-list\" data-page=\"10\">\r\n\t\t\t\t\t<div class=\"premium-blog-post-outer-container\" data-total=\"966\">\r\n\t\t\t<div class=\"premium-blog-post-container premium-blog-skin-classic\">\r\n\t\t\t\t\t\t\t\t\t<div class=\"premium-blog-thumb-effect-wrapper\">\r\n\t\t\t\t\t\t<div class=\"premium-blog-thumbnail-container premium-blog-zoomin-effect\">\r\n\t\t\t\t\t\t\t<img loading=\"lazy\" decoding=\"async\" width=\"2560\" height=\"1440\" src=\"https:\/\/torredonjimenoactualidad.com\/wp-content\/uploads\/2026\/08\/IMG_4626-scaled-1.jpg\" class=\"attachment-full size-full wp-image-4983\" alt=\"\" srcset=\"https:\/\/torredonjimenoactualidad.com\/wp-content\/uploads\/2026\/08\/IMG_4626-scaled-1.jpg 2560w, https:\/\/torredonjimenoactualidad.com\/wp-content\/uploads\/2026\/08\/IMG_4626-scaled-1-300x169.jpg 300w, https:\/\/torredonjimenoactualidad.com\/wp-content\/uploads\/2026\/08\/IMG_4626-scaled-1-1024x576.jpg 1024w, https:\/\/torredonjimenoactualidad.com\/wp-content\/uploads\/2026\/08\/IMG_4626-scaled-1-768x432.jpg 768w, https:\/\/torredonjimenoactualidad.com\/wp-content\/uploads\/2026\/08\/IMG_4626-scaled-1-1536x864.jpg 1536w, https:\/\/torredonjimenoactualidad.com\/wp-content\/uploads\/2026\/08\/IMG_4626-scaled-1-2048x1152.jpg 2048w\" sizes=\"auto, (max-width: 2560px) 100vw, 2560px\" \/>\t\t\t\t\t\t<\/div>\r\n\t\t\t\t\t\t\t\t\t\t\t\t\t<div class=\"premium-blog-thumbnail-overlay\">\r\n\t\t\t\t\t\t\t\t<a class=\"elementor-icon\" href=\"https:\/\/torredonjimenoactualidad.com\/index.php\/2026\/08\/28\/tres-jornadas-de-donacion-de-sangre-durante-el-mes-de-septiembre-en-torredonjimeno\/\" target=\"_self\" aria-hidden=\"true\"><span>Tres jornadas de donaci\u00f3n de sangre durante el mes de septiembre en Torredonjimeno<\/span><\/a>\r\n\t\t\t\t\t\t\t<\/div>\r\n\t\t\t\t\t\t\t\t\t\t\t<\/div>\r\n\t\t\t\t\t\t\t\t\t\t\t\t<div class=\"premium-blog-content-wrapper \">\r\n\r\n\t\t\t\t\t<div class=\"premium-blog-inner-container\">\r\n\r\n\t\t\t\t\t\t\t\t\t\t\t\t\t\t<h2 class=\"premium-blog-entry-title\">\r\n\t\t\t<a href=\"https:\/\/torredonjimenoactualidad.com\/index.php\/2026\/08\/28\/tres-jornadas-de-donacion-de-sangre-durante-el-mes-de-septiembre-en-torredonjimeno\/\" target=\"_self\">\r\n\t\t\t\tTres jornadas de donaci\u00f3n de sangre durante el mes de septiembre en Torredonjimeno\t\t\t<\/a>\r\n\t\t<\/h2>\r\n\t\t\t\t<div class=\"premium-blog-entry-meta\">\r\n\t\t\t\t\t\t\t<div class=\"premium-blog-post-author premium-blog-meta-data\">\r\n\t\t\t\t\t<i class=\"fa fa-user fa-fw\" aria-hidden=\"true\"><\/i>\r\n\t\t\t\t\t<a href=\"https:\/\/torredonjimenoactualidad.com\/index.php\/author\/jose-bueno\/\" rel=\"author\">Redaccion<\/a>\t\t\t\t<\/div>\r\n\t\t\t\r\n\t\t\t\t\t\t\t<span class=\"premium-blog-meta-separator\">\u2022<\/span>\r\n\t\t\t\t<div class=\"premium-blog-post-time premium-blog-meta-data\">\r\n\t\t\t\t\t<i class=\"fa fa-clock-o\" aria-hidden=\"true\"><\/i>\r\n\t\t\t\t\t<span>28 de agosto de 2026<\/span>\r\n\t\t\t\t<\/div>\r\n\t\t\t\r\n\t\t\t\t\t\t\t<span class=\"premium-blog-meta-separator\">\u2022<\/span>\r\n\t\t\t\t<div class=\"premium-blog-post-categories premium-blog-meta-data\">\r\n\t\t\t\t\t<i class=\"fa fa-align-left fa-fw\" aria-hidden=\"true\"><\/i>\r\n\t\t\t\t\t<a href=\"https:\/\/torredonjimenoactualidad.com\/index.php\/category\/local\/\" rel=\"category tag\">local<\/a>\t\t\t\t<\/div>\r\n\t\t\t\r\n\t\t\t\t\t<\/div>\r\n\t\t\r\n\t\t\t\t\t<\/div>\r\n\r\n\t\t\t\t\t<p class=\"premium-blog-post-content\">Los vecinos de Torredonjimeno podr\u00e1n donar sangre los d\u00edas 4, 14 y 21 de septiembre, en horario de tarde, en el Centro \u2026<\/p>\t\t\t\t\t\r\n\t\t\t\t<\/div>\r\n\t\t\t<\/div>\r\n\t\t<\/div>\r\n\r\n\t\t\t\t<\/div>\r\n\r\n\t\t\t\t<\/div>\n\t\t\t\t<\/div>\n\t\t\t\t\t<\/div>\n\t\t<\/div>\n\t\t\t\t<div class=\"elementor-column elementor-col-33 elementor-top-column elementor-element elementor-element-0fda939\" data-id=\"0fda939\" data-element_type=\"column\">\n\t\t\t<div class=\"elementor-widget-wrap elementor-element-populated\">\n\t\t\t\t\t\t\t\t<div class=\"elementor-element elementor-element-7efb938 premium-blog-align-left elementor-widget elementor-widget-premium-addon-blog\" data-id=\"7efb938\" data-element_type=\"widget\" data-widget_type=\"premium-addon-blog.default\">\n\t\t\t\t<div class=\"elementor-widget-container\">\n\t\t\t\r\n\t\t\t\t<div class=\"premium-blog-wrap  premium-blog-list\" data-page=\"10\">\r\n\t\t\t\t\t<div class=\"premium-blog-post-outer-container\" data-total=\"965\">\r\n\t\t\t<div class=\"premium-blog-post-container premium-blog-skin-classic\">\r\n\t\t\t\t\t\t\t\t\t<div class=\"premium-blog-thumb-effect-wrapper\">\r\n\t\t\t\t\t\t<div class=\"premium-blog-thumbnail-container premium-blog-zoomin-effect\">\r\n\t\t\t\t\t\t\t<img loading=\"lazy\" decoding=\"async\" width=\"1920\" height=\"996\" src=\"https:\/\/torredonjimenoactualidad.com\/wp-content\/uploads\/2026\/01\/fotonoticia_20260102124325_1920.jpg\" class=\"attachment-full size-full wp-image-4319\" alt=\"\" srcset=\"https:\/\/torredonjimenoactualidad.com\/wp-content\/uploads\/2026\/01\/fotonoticia_20260102124325_1920.jpg 1920w, https:\/\/torredonjimenoactualidad.com\/wp-content\/uploads\/2026\/01\/fotonoticia_20260102124325_1920-300x156.jpg 300w, https:\/\/torredonjimenoactualidad.com\/wp-content\/uploads\/2026\/01\/fotonoticia_20260102124325_1920-1024x531.jpg 1024w, https:\/\/torredonjimenoactualidad.com\/wp-content\/uploads\/2026\/01\/fotonoticia_20260102124325_1920-768x398.jpg 768w, https:\/\/torredonjimenoactualidad.com\/wp-content\/uploads\/2026\/01\/fotonoticia_20260102124325_1920-1536x797.jpg 1536w\" sizes=\"auto, (max-width: 1920px) 100vw, 1920px\" \/>\t\t\t\t\t\t<\/div>\r\n\t\t\t\t\t\t\t\t\t\t\t\t\t<div class=\"premium-blog-thumbnail-overlay\">\r\n\t\t\t\t\t\t\t\t<a class=\"elementor-icon\" href=\"https:\/\/torredonjimenoactualidad.com\/index.php\/2026\/08\/27\/las-ayudas-de-la-diputacion-en-materia-social-de-igualdad-y-juventud-benefician-a-146-entidades\/\" target=\"_self\" aria-hidden=\"true\"><span>\u00a0Las ayudas de la Diputaci\u00f3n en materia social, de igualdad y juventud benefician a 146 entidades<\/span><\/a>\r\n\t\t\t\t\t\t\t<\/div>\r\n\t\t\t\t\t\t\t\t\t\t\t<\/div>\r\n\t\t\t\t\t\t\t\t\t\t\t\t<div class=\"premium-blog-content-wrapper \">\r\n\r\n\t\t\t\t\t<div class=\"premium-blog-inner-container\">\r\n\r\n\t\t\t\t\t\t\t\t\t\t\t\t\t\t<h2 class=\"premium-blog-entry-title\">\r\n\t\t\t<a href=\"https:\/\/torredonjimenoactualidad.com\/index.php\/2026\/08\/27\/las-ayudas-de-la-diputacion-en-materia-social-de-igualdad-y-juventud-benefician-a-146-entidades\/\" target=\"_self\">\r\n\t\t\t\t\u00a0Las ayudas de la Diputaci\u00f3n en materia social, de igualdad y juventud benefician a 146 entidades\t\t\t<\/a>\r\n\t\t<\/h2>\r\n\t\t\t\t<div class=\"premium-blog-entry-meta\">\r\n\t\t\t\t\t\t\t<div class=\"premium-blog-post-author premium-blog-meta-data\">\r\n\t\t\t\t\t<i class=\"fa fa-user fa-fw\" aria-hidden=\"true\"><\/i>\r\n\t\t\t\t\t<a href=\"https:\/\/torredonjimenoactualidad.com\/index.php\/author\/jose-bueno\/\" rel=\"author\">Redaccion<\/a>\t\t\t\t<\/div>\r\n\t\t\t\r\n\t\t\t\t\t\t\t<span class=\"premium-blog-meta-separator\">\u2022<\/span>\r\n\t\t\t\t<div class=\"premium-blog-post-time premium-blog-meta-data\">\r\n\t\t\t\t\t<i class=\"fa fa-clock-o\" aria-hidden=\"true\"><\/i>\r\n\t\t\t\t\t<span>27 de agosto de 2026<\/span>\r\n\t\t\t\t<\/div>\r\n\t\t\t\r\n\t\t\t\t\t\t\t<span class=\"premium-blog-meta-separator\">\u2022<\/span>\r\n\t\t\t\t<div class=\"premium-blog-post-categories premium-blog-meta-data\">\r\n\t\t\t\t\t<i class=\"fa fa-align-left fa-fw\" aria-hidden=\"true\"><\/i>\r\n\t\t\t\t\t<a href=\"https:\/\/torredonjimenoactualidad.com\/index.php\/category\/provincia\/\" rel=\"category tag\">provincia<\/a>\t\t\t\t<\/div>\r\n\t\t\t\r\n\t\t\t\t\t<\/div>\r\n\t\t\r\n\t\t\t\t\t<\/div>\r\n\r\n\t\t\t\t\t\t\t\t\t\t\r\n\t\t\t\t<\/div>\r\n\t\t\t<\/div>\r\n\t\t<\/div>\r\n\r\n\t\t\t\t<\/div>\r\n\r\n\t\t\t\t<\/div>\n\t\t\t\t<\/div>\n\t\t\t\t<div class=\"elementor-element elementor-element-4bdfaaa elementor-widget elementor-widget-image\" data-id=\"4bdfaaa\" data-element_type=\"widget\" data-widget_type=\"image.default\">\n\t\t\t\t<div class=\"elementor-widget-container\">\n\t\t\t\t\t\t\t\t\t\t\t\t\t\t\t\t<a href=\"https:\/\/streaming.elitecomunicacion.cloud\/8336\/stream\">\n\t\t\t\t\t\t\t<img loading=\"lazy\" decoding=\"async\" width=\"300\" height=\"250\" src=\"https:\/\/torredonjimenoactualidad.com\/wp-content\/uploads\/2026\/02\/dial-400x400-300-x-250-px.gif\" class=\"attachment-large size-large wp-image-4591\" alt=\"\" \/>\t\t\t\t\t\t\t\t<\/a>\n\t\t\t\t\t\t\t\t\t\t\t\t\t\t\t<\/div>\n\t\t\t\t<\/div>\n\t\t\t\t\t<\/div>\n\t\t<\/div>\n\t\t\t\t\t\t\t<\/div>\n\t\t<\/section>\n\t\t\t\t<section class=\"elementor-section elementor-top-section elementor-element elementor-element-7b6de98 elementor-section-boxed elementor-section-height-default elementor-section-height-default\" data-id=\"7b6de98\" data-element_type=\"section\">\n\t\t\t\t\t\t<div class=\"elementor-container elementor-column-gap-default\">\n\t\t\t\t\t<div class=\"elementor-column elementor-col-66 elementor-top-column elementor-element elementor-element-9afcaaf\" data-id=\"9afcaaf\" data-element_type=\"column\">\n\t\t\t<div class=\"elementor-widget-wrap elementor-element-populated\">\n\t\t\t\t\t\t\t\t<div class=\"elementor-element elementor-element-b9f645f elementor-invisible elementor-widget elementor-widget-jw-headline\" data-id=\"b9f645f\" data-element_type=\"widget\" data-settings=\"{&quot;_animation&quot;:&quot;fadeInLeft&quot;}\" data-widget_type=\"jw-headline.default\">\n\t\t\t\t<div class=\"elementor-widget-container\">\n\t\t\t<h2 class=\"jw-headline jw-headline--direction-horizontal\"><span class=\"jw-headline__part jw-headline__first\"><span class=\"jw-headline__deco jw-headline__deco-icon jet-widgets-icon\"><i aria-hidden=\"true\" class=\"fas fa-arrow-circle-right\"><\/i><\/span><span class=\"jw-headline__label\">Noticias<\/span><\/span><span class=\"jw-headline__space\">&nbsp;<\/span><span class=\"jw-headline__part jw-headline__second\"><span class=\"jw-headline__label\">locales<\/span><\/span><span class=\"jw-headline__divider jw-headline__right-divider\"><\/span><\/h2>\t\t<\/div>\n\t\t\t\t<\/div>\n\t\t\t\t<div class=\"elementor-element elementor-element-7b3005f premium-blog-align-left elementor-widget elementor-widget-premium-addon-blog\" data-id=\"7b3005f\" data-element_type=\"widget\" data-settings=\"{&quot;premium_blog_grid&quot;:&quot;yes&quot;,&quot;premium_blog_layout&quot;:&quot;even&quot;,&quot;premium_blog_columns_number&quot;:&quot;50%&quot;,&quot;premium_blog_columns_number_tablet&quot;:&quot;50%&quot;,&quot;premium_blog_columns_number_mobile&quot;:&quot;100%&quot;}\" data-widget_type=\"premium-addon-blog.default\">\n\t\t\t\t<div class=\"elementor-widget-container\">\n\t\t\t\r\n\t\t\t\t<div class=\"premium-blog-wrap  premium-blog-even\" data-page=\"10\">\r\n\t\t\t\t\t<div class=\"premium-blog-post-outer-container\" data-total=\"80\">\r\n\t\t\t<div class=\"premium-blog-post-container premium-blog-skin-classic\">\r\n\t\t\t\t\t\t\t\t\t<div class=\"premium-blog-thumb-effect-wrapper\">\r\n\t\t\t\t\t\t<div class=\"premium-blog-thumbnail-container premium-blog-zoomin-effect\">\r\n\t\t\t\t\t\t\t<img loading=\"lazy\" decoding=\"async\" width=\"2560\" height=\"1440\" src=\"https:\/\/torredonjimenoactualidad.com\/wp-content\/uploads\/2026\/08\/IMG_4626-scaled-1.jpg\" class=\"attachment-full size-full wp-image-4983\" alt=\"\" srcset=\"https:\/\/torredonjimenoactualidad.com\/wp-content\/uploads\/2026\/08\/IMG_4626-scaled-1.jpg 2560w, https:\/\/torredonjimenoactualidad.com\/wp-content\/uploads\/2026\/08\/IMG_4626-scaled-1-300x169.jpg 300w, https:\/\/torredonjimenoactualidad.com\/wp-content\/uploads\/2026\/08\/IMG_4626-scaled-1-1024x576.jpg 1024w, https:\/\/torredonjimenoactualidad.com\/wp-content\/uploads\/2026\/08\/IMG_4626-scaled-1-768x432.jpg 768w, https:\/\/torredonjimenoactualidad.com\/wp-content\/uploads\/2026\/08\/IMG_4626-scaled-1-1536x864.jpg 1536w, https:\/\/torredonjimenoactualidad.com\/wp-content\/uploads\/2026\/08\/IMG_4626-scaled-1-2048x1152.jpg 2048w\" sizes=\"auto, (max-width: 2560px) 100vw, 2560px\" \/>\t\t\t\t\t\t<\/div>\r\n\t\t\t\t\t\t\t\t\t\t\t\t\t<div class=\"premium-blog-thumbnail-overlay\">\r\n\t\t\t\t\t\t\t\t<a class=\"elementor-icon\" href=\"https:\/\/torredonjimenoactualidad.com\/index.php\/2026\/08\/28\/tres-jornadas-de-donacion-de-sangre-durante-el-mes-de-septiembre-en-torredonjimeno\/\" target=\"_self\" aria-hidden=\"true\"><span>Tres jornadas de donaci\u00f3n de sangre durante el mes de septiembre en Torredonjimeno<\/span><\/a>\r\n\t\t\t\t\t\t\t<\/div>\r\n\t\t\t\t\t\t\t\t\t\t\t<\/div>\r\n\t\t\t\t\t\t\t\t\t\t\t\t<div class=\"premium-blog-content-wrapper \">\r\n\r\n\t\t\t\t\t<div class=\"premium-blog-inner-container\">\r\n\r\n\t\t\t\t\t\t\t\t\t\t\t\t\t\t<h2 class=\"premium-blog-entry-title\">\r\n\t\t\t<a href=\"https:\/\/torredonjimenoactualidad.com\/index.php\/2026\/08\/28\/tres-jornadas-de-donacion-de-sangre-durante-el-mes-de-septiembre-en-torredonjimeno\/\" target=\"_self\">\r\n\t\t\t\tTres jornadas de donaci\u00f3n de sangre durante el mes de septiembre en Torredonjimeno\t\t\t<\/a>\r\n\t\t<\/h2>\r\n\t\t\t\t<div class=\"premium-blog-entry-meta\">\r\n\t\t\t\t\t\t\t<div class=\"premium-blog-post-author premium-blog-meta-data\">\r\n\t\t\t\t\t<i class=\"fa fa-user fa-fw\" aria-hidden=\"true\"><\/i>\r\n\t\t\t\t\t<a href=\"https:\/\/torredonjimenoactualidad.com\/index.php\/author\/jose-bueno\/\" rel=\"author\">Redaccion<\/a>\t\t\t\t<\/div>\r\n\t\t\t\r\n\t\t\t\t\t\t\t<span class=\"premium-blog-meta-separator\">\u2022<\/span>\r\n\t\t\t\t<div class=\"premium-blog-post-time premium-blog-meta-data\">\r\n\t\t\t\t\t<i class=\"fa fa-clock-o\" aria-hidden=\"true\"><\/i>\r\n\t\t\t\t\t<span>28 de agosto de 2026<\/span>\r\n\t\t\t\t<\/div>\r\n\t\t\t\r\n\t\t\t\t\t\t\t<span class=\"premium-blog-meta-separator\">\u2022<\/span>\r\n\t\t\t\t<div class=\"premium-blog-post-categories premium-blog-meta-data\">\r\n\t\t\t\t\t<i class=\"fa fa-align-left fa-fw\" aria-hidden=\"true\"><\/i>\r\n\t\t\t\t\t<a href=\"https:\/\/torredonjimenoactualidad.com\/index.php\/category\/local\/\" rel=\"category tag\">local<\/a>\t\t\t\t<\/div>\r\n\t\t\t\r\n\t\t\t\t\t<\/div>\r\n\t\t\r\n\t\t\t\t\t<\/div>\r\n\r\n\t\t\t\t\t\t\t\t\t\t\r\n\t\t\t\t<\/div>\r\n\t\t\t<\/div>\r\n\t\t<\/div>\r\n\r\n\t\t\t\t<div class=\"premium-blog-post-outer-container\" data-total=\"80\">\r\n\t\t\t<div class=\"premium-blog-post-container premium-blog-skin-classic\">\r\n\t\t\t\t\t\t\t\t\t<div class=\"premium-blog-thumb-effect-wrapper\">\r\n\t\t\t\t\t\t<div class=\"premium-blog-thumbnail-container premium-blog-zoomin-effect\">\r\n\t\t\t\t\t\t\t<img loading=\"lazy\" decoding=\"async\" width=\"2560\" height=\"1463\" src=\"https:\/\/torredonjimenoactualidad.com\/wp-content\/uploads\/2026\/08\/IMG_2578-scaled.jpg\" class=\"attachment-full size-full wp-image-4978\" alt=\"\" srcset=\"https:\/\/torredonjimenoactualidad.com\/wp-content\/uploads\/2026\/08\/IMG_2578-scaled.jpg 2560w, https:\/\/torredonjimenoactualidad.com\/wp-content\/uploads\/2026\/08\/IMG_2578-300x171.jpg 300w, https:\/\/torredonjimenoactualidad.com\/wp-content\/uploads\/2026\/08\/IMG_2578-1024x585.jpg 1024w, https:\/\/torredonjimenoactualidad.com\/wp-content\/uploads\/2026\/08\/IMG_2578-768x439.jpg 768w, https:\/\/torredonjimenoactualidad.com\/wp-content\/uploads\/2026\/08\/IMG_2578-1536x878.jpg 1536w, https:\/\/torredonjimenoactualidad.com\/wp-content\/uploads\/2026\/08\/IMG_2578-2048x1170.jpg 2048w\" sizes=\"auto, (max-width: 2560px) 100vw, 2560px\" \/>\t\t\t\t\t\t<\/div>\r\n\t\t\t\t\t\t\t\t\t\t\t\t\t<div class=\"premium-blog-thumbnail-overlay\">\r\n\t\t\t\t\t\t\t\t<a class=\"elementor-icon\" href=\"https:\/\/torredonjimenoactualidad.com\/index.php\/2026\/08\/27\/torredonjimeno-mejora-su-conectividad-movil-con-el-despliegue-de-las-redes-4g-y-5g\/\" target=\"_self\" aria-hidden=\"true\"><span>Torredonjimeno mejora su conectividad m\u00f3vil con el despliegue de las redes 4G y 5G<\/span><\/a>\r\n\t\t\t\t\t\t\t<\/div>\r\n\t\t\t\t\t\t\t\t\t\t\t<\/div>\r\n\t\t\t\t\t\t\t\t\t\t\t\t<div class=\"premium-blog-content-wrapper \">\r\n\r\n\t\t\t\t\t<div class=\"premium-blog-inner-container\">\r\n\r\n\t\t\t\t\t\t\t\t\t\t\t\t\t\t<h2 class=\"premium-blog-entry-title\">\r\n\t\t\t<a href=\"https:\/\/torredonjimenoactualidad.com\/index.php\/2026\/08\/27\/torredonjimeno-mejora-su-conectividad-movil-con-el-despliegue-de-las-redes-4g-y-5g\/\" target=\"_self\">\r\n\t\t\t\tTorredonjimeno mejora su conectividad m\u00f3vil con el despliegue de las redes 4G y 5G\t\t\t<\/a>\r\n\t\t<\/h2>\r\n\t\t\t\t<div class=\"premium-blog-entry-meta\">\r\n\t\t\t\t\t\t\t<div class=\"premium-blog-post-author premium-blog-meta-data\">\r\n\t\t\t\t\t<i class=\"fa fa-user fa-fw\" aria-hidden=\"true\"><\/i>\r\n\t\t\t\t\t<a href=\"https:\/\/torredonjimenoactualidad.com\/index.php\/author\/jose-bueno\/\" rel=\"author\">Redaccion<\/a>\t\t\t\t<\/div>\r\n\t\t\t\r\n\t\t\t\t\t\t\t<span class=\"premium-blog-meta-separator\">\u2022<\/span>\r\n\t\t\t\t<div class=\"premium-blog-post-time premium-blog-meta-data\">\r\n\t\t\t\t\t<i class=\"fa fa-clock-o\" aria-hidden=\"true\"><\/i>\r\n\t\t\t\t\t<span>27 de agosto de 2026<\/span>\r\n\t\t\t\t<\/div>\r\n\t\t\t\r\n\t\t\t\t\t\t\t<span class=\"premium-blog-meta-separator\">\u2022<\/span>\r\n\t\t\t\t<div class=\"premium-blog-post-categories premium-blog-meta-data\">\r\n\t\t\t\t\t<i class=\"fa fa-align-left fa-fw\" aria-hidden=\"true\"><\/i>\r\n\t\t\t\t\t<a href=\"https:\/\/torredonjimenoactualidad.com\/index.php\/category\/local\/\" rel=\"category tag\">local<\/a>\t\t\t\t<\/div>\r\n\t\t\t\r\n\t\t\t\t\t<\/div>\r\n\t\t\r\n\t\t\t\t\t<\/div>\r\n\r\n\t\t\t\t\t\t\t\t\t\t\r\n\t\t\t\t<\/div>\r\n\t\t\t<\/div>\r\n\t\t<\/div>\r\n\r\n\t\t\t\t<div class=\"premium-blog-post-outer-container\" data-total=\"80\">\r\n\t\t\t<div class=\"premium-blog-post-container premium-blog-skin-classic\">\r\n\t\t\t\t\t\t\t\t\t<div class=\"premium-blog-thumb-effect-wrapper\">\r\n\t\t\t\t\t\t<div class=\"premium-blog-thumbnail-container premium-blog-zoomin-effect\">\r\n\t\t\t\t\t\t\t<img loading=\"lazy\" decoding=\"async\" width=\"1903\" height=\"1088\" src=\"https:\/\/torredonjimenoactualidad.com\/wp-content\/uploads\/2026\/08\/99531aae-c839-4932-9a59-b2a3960b4b14.jpg\" class=\"attachment-full size-full wp-image-4972\" alt=\"\" srcset=\"https:\/\/torredonjimenoactualidad.com\/wp-content\/uploads\/2026\/08\/99531aae-c839-4932-9a59-b2a3960b4b14.jpg 1903w, https:\/\/torredonjimenoactualidad.com\/wp-content\/uploads\/2026\/08\/99531aae-c839-4932-9a59-b2a3960b4b14-300x172.jpg 300w, https:\/\/torredonjimenoactualidad.com\/wp-content\/uploads\/2026\/08\/99531aae-c839-4932-9a59-b2a3960b4b14-1024x585.jpg 1024w, https:\/\/torredonjimenoactualidad.com\/wp-content\/uploads\/2026\/08\/99531aae-c839-4932-9a59-b2a3960b4b14-768x439.jpg 768w, https:\/\/torredonjimenoactualidad.com\/wp-content\/uploads\/2026\/08\/99531aae-c839-4932-9a59-b2a3960b4b14-1536x878.jpg 1536w\" sizes=\"auto, (max-width: 1903px) 100vw, 1903px\" \/>\t\t\t\t\t\t<\/div>\r\n\t\t\t\t\t\t\t\t\t\t\t\t\t<div class=\"premium-blog-thumbnail-overlay\">\r\n\t\t\t\t\t\t\t\t<a class=\"elementor-icon\" href=\"https:\/\/torredonjimenoactualidad.com\/index.php\/2026\/08\/25\/reunion-para-coordina-el-dispositivo-de-seguridad-de-la-romeria-de-consolacion-2026\/\" target=\"_self\" aria-hidden=\"true\"><span>Reuni\u00f3n para coordina el dispositivo de seguridad de la Romer\u00eda de Consolaci\u00f3n 2026<\/span><\/a>\r\n\t\t\t\t\t\t\t<\/div>\r\n\t\t\t\t\t\t\t\t\t\t\t<\/div>\r\n\t\t\t\t\t\t\t\t\t\t\t\t<div class=\"premium-blog-content-wrapper \">\r\n\r\n\t\t\t\t\t<div class=\"premium-blog-inner-container\">\r\n\r\n\t\t\t\t\t\t\t\t\t\t\t\t\t\t<h2 class=\"premium-blog-entry-title\">\r\n\t\t\t<a href=\"https:\/\/torredonjimenoactualidad.com\/index.php\/2026\/08\/25\/reunion-para-coordina-el-dispositivo-de-seguridad-de-la-romeria-de-consolacion-2026\/\" target=\"_self\">\r\n\t\t\t\tReuni\u00f3n para coordina el dispositivo de seguridad de la Romer\u00eda de Consolaci\u00f3n 2026\t\t\t<\/a>\r\n\t\t<\/h2>\r\n\t\t\t\t<div class=\"premium-blog-entry-meta\">\r\n\t\t\t\t\t\t\t<div class=\"premium-blog-post-author premium-blog-meta-data\">\r\n\t\t\t\t\t<i class=\"fa fa-user fa-fw\" aria-hidden=\"true\"><\/i>\r\n\t\t\t\t\t<a href=\"https:\/\/torredonjimenoactualidad.com\/index.php\/author\/jose-bueno\/\" rel=\"author\">Redaccion<\/a>\t\t\t\t<\/div>\r\n\t\t\t\r\n\t\t\t\t\t\t\t<span class=\"premium-blog-meta-separator\">\u2022<\/span>\r\n\t\t\t\t<div class=\"premium-blog-post-time premium-blog-meta-data\">\r\n\t\t\t\t\t<i class=\"fa fa-clock-o\" aria-hidden=\"true\"><\/i>\r\n\t\t\t\t\t<span>25 de agosto de 2026<\/span>\r\n\t\t\t\t<\/div>\r\n\t\t\t\r\n\t\t\t\t\t\t\t<span class=\"premium-blog-meta-separator\">\u2022<\/span>\r\n\t\t\t\t<div class=\"premium-blog-post-categories premium-blog-meta-data\">\r\n\t\t\t\t\t<i class=\"fa fa-align-left fa-fw\" aria-hidden=\"true\"><\/i>\r\n\t\t\t\t\t<a href=\"https:\/\/torredonjimenoactualidad.com\/index.php\/category\/local\/\" rel=\"category tag\">local<\/a>\t\t\t\t<\/div>\r\n\t\t\t\r\n\t\t\t\t\t<\/div>\r\n\t\t\r\n\t\t\t\t\t<\/div>\r\n\r\n\t\t\t\t\t\t\t\t\t\t\r\n\t\t\t\t<\/div>\r\n\t\t\t<\/div>\r\n\t\t<\/div>\r\n\r\n\t\t\t\t<div class=\"premium-blog-post-outer-container\" data-total=\"80\">\r\n\t\t\t<div class=\"premium-blog-post-container premium-blog-skin-classic\">\r\n\t\t\t\t\t\t\t\t\t<div class=\"premium-blog-thumb-effect-wrapper\">\r\n\t\t\t\t\t\t<div class=\"premium-blog-thumbnail-container premium-blog-zoomin-effect\">\r\n\t\t\t\t\t\t\t<img loading=\"lazy\" decoding=\"async\" width=\"1825\" height=\"1043\" src=\"https:\/\/torredonjimenoactualidad.com\/wp-content\/uploads\/2026\/08\/IMG_0607.jpg\" class=\"attachment-full size-full wp-image-4966\" alt=\"\" srcset=\"https:\/\/torredonjimenoactualidad.com\/wp-content\/uploads\/2026\/08\/IMG_0607.jpg 1825w, https:\/\/torredonjimenoactualidad.com\/wp-content\/uploads\/2026\/08\/IMG_0607-300x171.jpg 300w, https:\/\/torredonjimenoactualidad.com\/wp-content\/uploads\/2026\/08\/IMG_0607-1024x585.jpg 1024w, https:\/\/torredonjimenoactualidad.com\/wp-content\/uploads\/2026\/08\/IMG_0607-768x439.jpg 768w, https:\/\/torredonjimenoactualidad.com\/wp-content\/uploads\/2026\/08\/IMG_0607-1536x878.jpg 1536w\" sizes=\"auto, (max-width: 1825px) 100vw, 1825px\" \/>\t\t\t\t\t\t<\/div>\r\n\t\t\t\t\t\t\t\t\t\t\t\t\t<div class=\"premium-blog-thumbnail-overlay\">\r\n\t\t\t\t\t\t\t\t<a class=\"elementor-icon\" href=\"https:\/\/torredonjimenoactualidad.com\/index.php\/2026\/08\/25\/el-ayuntamiento-de-torredonjimeno-presenta-el-cartel-y-la-programacion-de-la-romeria-2026-en-honor-a-la-virgen-de-consolacion\/\" target=\"_self\" aria-hidden=\"true\"><span>El Ayuntamiento de Torredonjimeno presenta el cartel y la programaci\u00f3n de la Romer\u00eda 2026 en honor a la Virgen de Consolaci\u00f3n<\/span><\/a>\r\n\t\t\t\t\t\t\t<\/div>\r\n\t\t\t\t\t\t\t\t\t\t\t<\/div>\r\n\t\t\t\t\t\t\t\t\t\t\t\t<div class=\"premium-blog-content-wrapper \">\r\n\r\n\t\t\t\t\t<div class=\"premium-blog-inner-container\">\r\n\r\n\t\t\t\t\t\t\t\t\t\t\t\t\t\t<h2 class=\"premium-blog-entry-title\">\r\n\t\t\t<a href=\"https:\/\/torredonjimenoactualidad.com\/index.php\/2026\/08\/25\/el-ayuntamiento-de-torredonjimeno-presenta-el-cartel-y-la-programacion-de-la-romeria-2026-en-honor-a-la-virgen-de-consolacion\/\" target=\"_self\">\r\n\t\t\t\tEl Ayuntamiento de Torredonjimeno presenta el cartel y la programaci\u00f3n de la Romer\u00eda 2026 en honor a la Virgen de Consolaci\u00f3n\t\t\t<\/a>\r\n\t\t<\/h2>\r\n\t\t\t\t<div class=\"premium-blog-entry-meta\">\r\n\t\t\t\t\t\t\t<div class=\"premium-blog-post-author premium-blog-meta-data\">\r\n\t\t\t\t\t<i class=\"fa fa-user fa-fw\" aria-hidden=\"true\"><\/i>\r\n\t\t\t\t\t<a href=\"https:\/\/torredonjimenoactualidad.com\/index.php\/author\/jose-bueno\/\" rel=\"author\">Redaccion<\/a>\t\t\t\t<\/div>\r\n\t\t\t\r\n\t\t\t\t\t\t\t<span class=\"premium-blog-meta-separator\">\u2022<\/span>\r\n\t\t\t\t<div class=\"premium-blog-post-time premium-blog-meta-data\">\r\n\t\t\t\t\t<i class=\"fa fa-clock-o\" aria-hidden=\"true\"><\/i>\r\n\t\t\t\t\t<span>25 de agosto de 2026<\/span>\r\n\t\t\t\t<\/div>\r\n\t\t\t\r\n\t\t\t\t\t\t\t<span class=\"premium-blog-meta-separator\">\u2022<\/span>\r\n\t\t\t\t<div class=\"premium-blog-post-categories premium-blog-meta-data\">\r\n\t\t\t\t\t<i class=\"fa fa-align-left fa-fw\" aria-hidden=\"true\"><\/i>\r\n\t\t\t\t\t<a href=\"https:\/\/torredonjimenoactualidad.com\/index.php\/category\/local\/\" rel=\"category tag\">local<\/a>\t\t\t\t<\/div>\r\n\t\t\t\r\n\t\t\t\t\t<\/div>\r\n\t\t\r\n\t\t\t\t\t<\/div>\r\n\r\n\t\t\t\t\t\t\t\t\t\t\r\n\t\t\t\t<\/div>\r\n\t\t\t<\/div>\r\n\t\t<\/div>\r\n\r\n\t\t\t\t<\/div>\r\n\r\n\t\t\t\t<\/div>\n\t\t\t\t<\/div>\n\t\t\t\t\t<\/div>\n\t\t<\/div>\n\t\t\t\t<div class=\"elementor-column elementor-col-33 elementor-top-column elementor-element elementor-element-360a74b\" data-id=\"360a74b\" data-element_type=\"column\">\n\t\t\t<div class=\"elementor-widget-wrap elementor-element-populated\">\n\t\t\t\t\t\t\t\t<div class=\"elementor-element elementor-element-96faf80 elementor-invisible elementor-widget elementor-widget-image\" data-id=\"96faf80\" data-element_type=\"widget\" data-settings=\"{&quot;_animation&quot;:&quot;fadeIn&quot;}\" data-widget_type=\"image.default\">\n\t\t\t\t<div class=\"elementor-widget-container\">\n\t\t\t\t\t\t\t\t\t\t\t\t\t\t\t<img loading=\"lazy\" decoding=\"async\" width=\"700\" height=\"350\" src=\"https:\/\/torredonjimenoactualidad.com\/wp-content\/uploads\/2023\/03\/FARMACIAS.gif\" class=\"attachment-large size-large wp-image-113\" alt=\"\" \/>\t\t\t\t\t\t\t\t\t\t\t\t\t\t\t<\/div>\n\t\t\t\t<\/div>\n\t\t\t\t<div class=\"elementor-element elementor-element-6a13f5b elementor-widget elementor-widget-image\" data-id=\"6a13f5b\" data-element_type=\"widget\" data-widget_type=\"image.default\">\n\t\t\t\t<div class=\"elementor-widget-container\">\n\t\t\t\t\t\t\t\t\t\t\t\t\t\t\t\t<a href=\"https:\/\/drive.google.com\/file\/d\/1X60ScOXd7xguG0rj0y1D3NfhcSHhpr1r\/view?usp=share_link\">\n\t\t\t\t\t\t\t<img loading=\"lazy\" decoding=\"async\" width=\"482\" height=\"680\" src=\"https:\/\/torredonjimenoactualidad.com\/wp-content\/uploads\/2026\/06\/feria.jpg\" class=\"attachment-large size-large wp-image-4890\" alt=\"\" srcset=\"https:\/\/torredonjimenoactualidad.com\/wp-content\/uploads\/2026\/06\/feria.jpg 482w, https:\/\/torredonjimenoactualidad.com\/wp-content\/uploads\/2026\/06\/feria-213x300.jpg 213w\" sizes=\"auto, (max-width: 482px) 100vw, 482px\" \/>\t\t\t\t\t\t\t\t<\/a>\n\t\t\t\t\t\t\t\t\t\t\t\t\t\t\t<\/div>\n\t\t\t\t<\/div>\n\t\t\t\t\t<\/div>\n\t\t<\/div>\n\t\t\t\t\t\t\t<\/div>\n\t\t<\/section>\n\t\t\t\t<section class=\"elementor-section elementor-top-section elementor-element elementor-element-d1b95c6 elementor-section-boxed elementor-section-height-default elementor-section-height-default\" data-id=\"d1b95c6\" data-element_type=\"section\">\n\t\t\t\t\t\t<div class=\"elementor-container elementor-column-gap-default\">\n\t\t\t\t\t<div class=\"elementor-column elementor-col-100 elementor-top-column elementor-element elementor-element-88934a7\" data-id=\"88934a7\" data-element_type=\"column\">\n\t\t\t<div class=\"elementor-widget-wrap\">\n\t\t\t\t\t\t\t\t\t<\/div>\n\t\t<\/div>\n\t\t\t\t\t\t\t<\/div>\n\t\t<\/section>\n\t\t\t\t<section class=\"elementor-section elementor-top-section elementor-element elementor-element-a39f4a6 elementor-section-boxed elementor-section-height-default elementor-section-height-default\" data-id=\"a39f4a6\" data-element_type=\"section\" data-settings=\"{&quot;background_background&quot;:&quot;classic&quot;}\">\n\t\t\t\t\t\t<div class=\"elementor-container elementor-column-gap-default\">\n\t\t\t\t\t<div class=\"elementor-column elementor-col-100 elementor-top-column elementor-element elementor-element-c13a537\" data-id=\"c13a537\" data-element_type=\"column\">\n\t\t\t<div class=\"elementor-widget-wrap elementor-element-populated\">\n\t\t\t\t\t\t\t\t<div class=\"elementor-element elementor-element-7092b17 elementor-invisible elementor-widget elementor-widget-jw-headline\" data-id=\"7092b17\" data-element_type=\"widget\" data-settings=\"{&quot;_animation&quot;:&quot;fadeInLeft&quot;}\" data-widget_type=\"jw-headline.default\">\n\t\t\t\t<div class=\"elementor-widget-container\">\n\t\t\t<h2 class=\"jw-headline jw-headline--direction-horizontal\"><span class=\"jw-headline__part jw-headline__first\"><span class=\"jw-headline__deco jw-headline__deco-icon jet-widgets-icon\"><i aria-hidden=\"true\" class=\"fas fa-arrow-circle-right\"><\/i><\/span><span class=\"jw-headline__label\">Noticias<\/span><\/span><span class=\"jw-headline__space\">&nbsp;<\/span><span class=\"jw-headline__part jw-headline__second\"><span class=\"jw-headline__label\">provincia<\/span><\/span><span class=\"jw-headline__divider jw-headline__right-divider\"><\/span><\/h2>\t\t<\/div>\n\t\t\t\t<\/div>\n\t\t\t\t<div class=\"elementor-element elementor-element-8e41bc4 premium-blog-align-left elementor-widget elementor-widget-premium-addon-blog\" data-id=\"8e41bc4\" data-element_type=\"widget\" data-settings=\"{&quot;premium_blog_columns_number&quot;:&quot;33.33%&quot;,&quot;premium_blog_carousel&quot;:&quot;yes&quot;,&quot;premium_blog_carousel_play&quot;:&quot;yes&quot;,&quot;premium_blog_carousel_dots&quot;:&quot;yes&quot;,&quot;premium_blog_grid&quot;:&quot;yes&quot;,&quot;premium_blog_layout&quot;:&quot;even&quot;,&quot;premium_blog_columns_number_tablet&quot;:&quot;50%&quot;,&quot;premium_blog_columns_number_mobile&quot;:&quot;100%&quot;,&quot;premium_blog_carousel_autoplay_speed&quot;:5000,&quot;carousel_speed&quot;:300,&quot;premium_blog_carousel_spacing&quot;:&quot;15&quot;}\" data-widget_type=\"premium-addon-blog.default\">\n\t\t\t\t<div class=\"elementor-widget-container\">\n\t\t\t\r\n\t\t\t\t<div class=\"premium-blog-wrap  premium-blog-even premium-carousel-hidden\" data-page=\"10\">\r\n\t\t\t\t\t<div class=\"premium-blog-post-outer-container\" data-total=\"81\">\r\n\t\t\t<div class=\"premium-blog-post-container premium-blog-skin-classic\">\r\n\t\t\t\t\t\t\t\t\t<div class=\"premium-blog-thumb-effect-wrapper\">\r\n\t\t\t\t\t\t<div class=\"premium-blog-thumbnail-container premium-blog-zoomin-effect\">\r\n\t\t\t\t\t\t\t<img loading=\"lazy\" decoding=\"async\" width=\"1920\" height=\"996\" src=\"https:\/\/torredonjimenoactualidad.com\/wp-content\/uploads\/2026\/01\/fotonoticia_20260102124325_1920.jpg\" class=\"attachment-full size-full wp-image-4319\" alt=\"\" srcset=\"https:\/\/torredonjimenoactualidad.com\/wp-content\/uploads\/2026\/01\/fotonoticia_20260102124325_1920.jpg 1920w, https:\/\/torredonjimenoactualidad.com\/wp-content\/uploads\/2026\/01\/fotonoticia_20260102124325_1920-300x156.jpg 300w, https:\/\/torredonjimenoactualidad.com\/wp-content\/uploads\/2026\/01\/fotonoticia_20260102124325_1920-1024x531.jpg 1024w, https:\/\/torredonjimenoactualidad.com\/wp-content\/uploads\/2026\/01\/fotonoticia_20260102124325_1920-768x398.jpg 768w, https:\/\/torredonjimenoactualidad.com\/wp-content\/uploads\/2026\/01\/fotonoticia_20260102124325_1920-1536x797.jpg 1536w\" sizes=\"auto, (max-width: 1920px) 100vw, 1920px\" \/>\t\t\t\t\t\t<\/div>\r\n\t\t\t\t\t\t\t\t\t\t\t\t\t<div class=\"premium-blog-thumbnail-overlay\">\r\n\t\t\t\t\t\t\t\t<a class=\"elementor-icon\" href=\"https:\/\/torredonjimenoactualidad.com\/index.php\/2026\/08\/27\/las-ayudas-de-la-diputacion-en-materia-social-de-igualdad-y-juventud-benefician-a-146-entidades\/\" target=\"_self\" aria-hidden=\"true\"><span>\u00a0Las ayudas de la Diputaci\u00f3n en materia social, de igualdad y juventud benefician a 146 entidades<\/span><\/a>\r\n\t\t\t\t\t\t\t<\/div>\r\n\t\t\t\t\t\t\t\t\t\t\t<\/div>\r\n\t\t\t\t\t\t\t\t\t\t\t\t<div class=\"premium-blog-content-wrapper \">\r\n\r\n\t\t\t\t\t<div class=\"premium-blog-inner-container\">\r\n\r\n\t\t\t\t\t\t\t\t\t\t\t\t\t\t<h2 class=\"premium-blog-entry-title\">\r\n\t\t\t<a href=\"https:\/\/torredonjimenoactualidad.com\/index.php\/2026\/08\/27\/las-ayudas-de-la-diputacion-en-materia-social-de-igualdad-y-juventud-benefician-a-146-entidades\/\" target=\"_self\">\r\n\t\t\t\t\u00a0Las ayudas de la Diputaci\u00f3n en materia social, de igualdad y juventud benefician a 146 entidades\t\t\t<\/a>\r\n\t\t<\/h2>\r\n\t\t\t\t<div class=\"premium-blog-entry-meta\">\r\n\t\t\t\t\t\t\t<div class=\"premium-blog-post-author premium-blog-meta-data\">\r\n\t\t\t\t\t<i class=\"fa fa-user fa-fw\" aria-hidden=\"true\"><\/i>\r\n\t\t\t\t\t<a href=\"https:\/\/torredonjimenoactualidad.com\/index.php\/author\/jose-bueno\/\" rel=\"author\">Redaccion<\/a>\t\t\t\t<\/div>\r\n\t\t\t\r\n\t\t\t\t\t\t\t<span class=\"premium-blog-meta-separator\">\u2022<\/span>\r\n\t\t\t\t<div class=\"premium-blog-post-time premium-blog-meta-data\">\r\n\t\t\t\t\t<i class=\"fa fa-clock-o\" aria-hidden=\"true\"><\/i>\r\n\t\t\t\t\t<span>27 de agosto de 2026<\/span>\r\n\t\t\t\t<\/div>\r\n\t\t\t\r\n\t\t\t\t\t\t\t<span class=\"premium-blog-meta-separator\">\u2022<\/span>\r\n\t\t\t\t<div class=\"premium-blog-post-categories premium-blog-meta-data\">\r\n\t\t\t\t\t<i class=\"fa fa-align-left fa-fw\" aria-hidden=\"true\"><\/i>\r\n\t\t\t\t\t<a href=\"https:\/\/torredonjimenoactualidad.com\/index.php\/category\/provincia\/\" rel=\"category tag\">provincia<\/a>\t\t\t\t<\/div>\r\n\t\t\t\r\n\t\t\t\t\t<\/div>\r\n\t\t\r\n\t\t\t\t\t<\/div>\r\n\r\n\t\t\t\t\t\t\t\t\t\t\r\n\t\t\t\t<\/div>\r\n\t\t\t<\/div>\r\n\t\t<\/div>\r\n\r\n\t\t\t\t<div class=\"premium-blog-post-outer-container\" data-total=\"81\">\r\n\t\t\t<div class=\"premium-blog-post-container premium-blog-skin-classic\">\r\n\t\t\t\t\t\t\t\t\t<div class=\"premium-blog-thumb-effect-wrapper\">\r\n\t\t\t\t\t\t<div class=\"premium-blog-thumbnail-container premium-blog-zoomin-effect\">\r\n\t\t\t\t\t\t\t<img loading=\"lazy\" decoding=\"async\" width=\"1920\" height=\"1097\" src=\"https:\/\/torredonjimenoactualidad.com\/wp-content\/uploads\/2026\/08\/fotonoticia_20260825185029_1920.jpg\" class=\"attachment-full size-full wp-image-4975\" alt=\"\" srcset=\"https:\/\/torredonjimenoactualidad.com\/wp-content\/uploads\/2026\/08\/fotonoticia_20260825185029_1920.jpg 1920w, https:\/\/torredonjimenoactualidad.com\/wp-content\/uploads\/2026\/08\/fotonoticia_20260825185029_1920-300x171.jpg 300w, https:\/\/torredonjimenoactualidad.com\/wp-content\/uploads\/2026\/08\/fotonoticia_20260825185029_1920-1024x585.jpg 1024w, https:\/\/torredonjimenoactualidad.com\/wp-content\/uploads\/2026\/08\/fotonoticia_20260825185029_1920-768x439.jpg 768w, https:\/\/torredonjimenoactualidad.com\/wp-content\/uploads\/2026\/08\/fotonoticia_20260825185029_1920-1536x878.jpg 1536w\" sizes=\"auto, (max-width: 1920px) 100vw, 1920px\" \/>\t\t\t\t\t\t<\/div>\r\n\t\t\t\t\t\t\t\t\t\t\t\t\t<div class=\"premium-blog-thumbnail-overlay\">\r\n\t\t\t\t\t\t\t\t<a class=\"elementor-icon\" href=\"https:\/\/torredonjimenoactualidad.com\/index.php\/2026\/08\/25\/especialistas-del-hospital-de-jaen-recomiendan-prevenir-la-deshidratacion-en-personas-mayores\/\" target=\"_self\" aria-hidden=\"true\"><span>Especialistas del Hospital de Ja\u00e9n recomiendan prevenir la deshidrataci\u00f3n en personas mayores<\/span><\/a>\r\n\t\t\t\t\t\t\t<\/div>\r\n\t\t\t\t\t\t\t\t\t\t\t<\/div>\r\n\t\t\t\t\t\t\t\t\t\t\t\t<div class=\"premium-blog-content-wrapper \">\r\n\r\n\t\t\t\t\t<div class=\"premium-blog-inner-container\">\r\n\r\n\t\t\t\t\t\t\t\t\t\t\t\t\t\t<h2 class=\"premium-blog-entry-title\">\r\n\t\t\t<a href=\"https:\/\/torredonjimenoactualidad.com\/index.php\/2026\/08\/25\/especialistas-del-hospital-de-jaen-recomiendan-prevenir-la-deshidratacion-en-personas-mayores\/\" target=\"_self\">\r\n\t\t\t\tEspecialistas del Hospital de Ja\u00e9n recomiendan prevenir la deshidrataci\u00f3n en personas mayores\t\t\t<\/a>\r\n\t\t<\/h2>\r\n\t\t\t\t<div class=\"premium-blog-entry-meta\">\r\n\t\t\t\t\t\t\t<div class=\"premium-blog-post-author premium-blog-meta-data\">\r\n\t\t\t\t\t<i class=\"fa fa-user fa-fw\" aria-hidden=\"true\"><\/i>\r\n\t\t\t\t\t<a href=\"https:\/\/torredonjimenoactualidad.com\/index.php\/author\/jose-bueno\/\" rel=\"author\">Redaccion<\/a>\t\t\t\t<\/div>\r\n\t\t\t\r\n\t\t\t\t\t\t\t<span class=\"premium-blog-meta-separator\">\u2022<\/span>\r\n\t\t\t\t<div class=\"premium-blog-post-time premium-blog-meta-data\">\r\n\t\t\t\t\t<i class=\"fa fa-clock-o\" aria-hidden=\"true\"><\/i>\r\n\t\t\t\t\t<span>25 de agosto de 2026<\/span>\r\n\t\t\t\t<\/div>\r\n\t\t\t\r\n\t\t\t\t\t\t\t<span class=\"premium-blog-meta-separator\">\u2022<\/span>\r\n\t\t\t\t<div class=\"premium-blog-post-categories premium-blog-meta-data\">\r\n\t\t\t\t\t<i class=\"fa fa-align-left fa-fw\" aria-hidden=\"true\"><\/i>\r\n\t\t\t\t\t<a href=\"https:\/\/torredonjimenoactualidad.com\/index.php\/category\/provincia\/\" rel=\"category tag\">provincia<\/a>\t\t\t\t<\/div>\r\n\t\t\t\r\n\t\t\t\t\t<\/div>\r\n\t\t\r\n\t\t\t\t\t<\/div>\r\n\r\n\t\t\t\t\t\t\t\t\t\t\r\n\t\t\t\t<\/div>\r\n\t\t\t<\/div>\r\n\t\t<\/div>\r\n\r\n\t\t\t\t<div class=\"premium-blog-post-outer-container\" data-total=\"81\">\r\n\t\t\t<div class=\"premium-blog-post-container premium-blog-skin-classic\">\r\n\t\t\t\t\t\t\t\t\t<div class=\"premium-blog-thumb-effect-wrapper\">\r\n\t\t\t\t\t\t<div class=\"premium-blog-thumbnail-container premium-blog-zoomin-effect\">\r\n\t\t\t\t\t\t\t<img loading=\"lazy\" decoding=\"async\" width=\"1920\" height=\"1080\" src=\"https:\/\/torredonjimenoactualidad.com\/wp-content\/uploads\/2026\/08\/Viboras-Quiebrajano.jpg\" class=\"attachment-full size-full wp-image-4963\" alt=\"\" srcset=\"https:\/\/torredonjimenoactualidad.com\/wp-content\/uploads\/2026\/08\/Viboras-Quiebrajano.jpg 1920w, https:\/\/torredonjimenoactualidad.com\/wp-content\/uploads\/2026\/08\/Viboras-Quiebrajano-300x169.jpg 300w, https:\/\/torredonjimenoactualidad.com\/wp-content\/uploads\/2026\/08\/Viboras-Quiebrajano-1024x576.jpg 1024w, https:\/\/torredonjimenoactualidad.com\/wp-content\/uploads\/2026\/08\/Viboras-Quiebrajano-768x432.jpg 768w, https:\/\/torredonjimenoactualidad.com\/wp-content\/uploads\/2026\/08\/Viboras-Quiebrajano-1536x864.jpg 1536w\" sizes=\"auto, (max-width: 1920px) 100vw, 1920px\" \/>\t\t\t\t\t\t<\/div>\r\n\t\t\t\t\t\t\t\t\t\t\t\t\t<div class=\"premium-blog-thumbnail-overlay\">\r\n\t\t\t\t\t\t\t\t<a class=\"elementor-icon\" href=\"https:\/\/torredonjimenoactualidad.com\/index.php\/2026\/08\/20\/el-psoe-acusa-a-la-junta-de-mantener-paralizadas-las-obras-del-sistema-viboras-quiebrajano\/\" target=\"_self\" aria-hidden=\"true\"><span>El PSOE acusa a la Junta de mantener paralizadas las obras del sistema V\u00edboras-Quiebrajano<\/span><\/a>\r\n\t\t\t\t\t\t\t<\/div>\r\n\t\t\t\t\t\t\t\t\t\t\t<\/div>\r\n\t\t\t\t\t\t\t\t\t\t\t\t<div class=\"premium-blog-content-wrapper \">\r\n\r\n\t\t\t\t\t<div class=\"premium-blog-inner-container\">\r\n\r\n\t\t\t\t\t\t\t\t\t\t\t\t\t\t<h2 class=\"premium-blog-entry-title\">\r\n\t\t\t<a href=\"https:\/\/torredonjimenoactualidad.com\/index.php\/2026\/08\/20\/el-psoe-acusa-a-la-junta-de-mantener-paralizadas-las-obras-del-sistema-viboras-quiebrajano\/\" target=\"_self\">\r\n\t\t\t\tEl PSOE acusa a la Junta de mantener paralizadas las obras del sistema V\u00edboras-Quiebrajano\t\t\t<\/a>\r\n\t\t<\/h2>\r\n\t\t\t\t<div class=\"premium-blog-entry-meta\">\r\n\t\t\t\t\t\t\t<div class=\"premium-blog-post-author premium-blog-meta-data\">\r\n\t\t\t\t\t<i class=\"fa fa-user fa-fw\" aria-hidden=\"true\"><\/i>\r\n\t\t\t\t\t<a href=\"https:\/\/torredonjimenoactualidad.com\/index.php\/author\/jose-bueno\/\" rel=\"author\">Redaccion<\/a>\t\t\t\t<\/div>\r\n\t\t\t\r\n\t\t\t\t\t\t\t<span class=\"premium-blog-meta-separator\">\u2022<\/span>\r\n\t\t\t\t<div class=\"premium-blog-post-time premium-blog-meta-data\">\r\n\t\t\t\t\t<i class=\"fa fa-clock-o\" aria-hidden=\"true\"><\/i>\r\n\t\t\t\t\t<span>20 de agosto de 2026<\/span>\r\n\t\t\t\t<\/div>\r\n\t\t\t\r\n\t\t\t\t\t\t\t<span class=\"premium-blog-meta-separator\">\u2022<\/span>\r\n\t\t\t\t<div class=\"premium-blog-post-categories premium-blog-meta-data\">\r\n\t\t\t\t\t<i class=\"fa fa-align-left fa-fw\" aria-hidden=\"true\"><\/i>\r\n\t\t\t\t\t<a href=\"https:\/\/torredonjimenoactualidad.com\/index.php\/category\/provincia\/\" rel=\"category tag\">provincia<\/a>\t\t\t\t<\/div>\r\n\t\t\t\r\n\t\t\t\t\t<\/div>\r\n\t\t\r\n\t\t\t\t\t<\/div>\r\n\r\n\t\t\t\t\t\t\t\t\t\t\r\n\t\t\t\t<\/div>\r\n\t\t\t<\/div>\r\n\t\t<\/div>\r\n\r\n\t\t\t\t<div class=\"premium-blog-post-outer-container\" data-total=\"81\">\r\n\t\t\t<div class=\"premium-blog-post-container premium-blog-skin-classic\">\r\n\t\t\t\t\t\t\t\t\t<div class=\"premium-blog-thumb-effect-wrapper\">\r\n\t\t\t\t\t\t<div class=\"premium-blog-thumbnail-container premium-blog-zoomin-effect\">\r\n\t\t\t\t\t\t\t<img loading=\"lazy\" decoding=\"async\" width=\"2560\" height=\"1463\" src=\"https:\/\/torredonjimenoactualidad.com\/wp-content\/uploads\/2026\/08\/IMG_0548-scaled-1.jpg\" class=\"attachment-full size-full wp-image-4954\" alt=\"\" srcset=\"https:\/\/torredonjimenoactualidad.com\/wp-content\/uploads\/2026\/08\/IMG_0548-scaled-1.jpg 2560w, https:\/\/torredonjimenoactualidad.com\/wp-content\/uploads\/2026\/08\/IMG_0548-scaled-1-300x171.jpg 300w, https:\/\/torredonjimenoactualidad.com\/wp-content\/uploads\/2026\/08\/IMG_0548-scaled-1-1024x585.jpg 1024w, https:\/\/torredonjimenoactualidad.com\/wp-content\/uploads\/2026\/08\/IMG_0548-scaled-1-768x439.jpg 768w, https:\/\/torredonjimenoactualidad.com\/wp-content\/uploads\/2026\/08\/IMG_0548-scaled-1-1536x878.jpg 1536w, https:\/\/torredonjimenoactualidad.com\/wp-content\/uploads\/2026\/08\/IMG_0548-scaled-1-2048x1170.jpg 2048w\" sizes=\"auto, (max-width: 2560px) 100vw, 2560px\" \/>\t\t\t\t\t\t<\/div>\r\n\t\t\t\t\t\t\t\t\t\t\t\t\t<div class=\"premium-blog-thumbnail-overlay\">\r\n\t\t\t\t\t\t\t\t<a class=\"elementor-icon\" href=\"https:\/\/torredonjimenoactualidad.com\/index.php\/2026\/08\/12\/upa-destaca-la-extraordinaria-comercializacion-del-aceite-pero-alerta-de-unos-precios-de-ruina\/\" target=\"_self\" aria-hidden=\"true\"><span>UPA destaca la extraordinaria comercializaci\u00f3n del aceite, pero alerta de unos \u00abprecios de ruina\u00bb<\/span><\/a>\r\n\t\t\t\t\t\t\t<\/div>\r\n\t\t\t\t\t\t\t\t\t\t\t<\/div>\r\n\t\t\t\t\t\t\t\t\t\t\t\t<div class=\"premium-blog-content-wrapper \">\r\n\r\n\t\t\t\t\t<div class=\"premium-blog-inner-container\">\r\n\r\n\t\t\t\t\t\t\t\t\t\t\t\t\t\t<h2 class=\"premium-blog-entry-title\">\r\n\t\t\t<a href=\"https:\/\/torredonjimenoactualidad.com\/index.php\/2026\/08\/12\/upa-destaca-la-extraordinaria-comercializacion-del-aceite-pero-alerta-de-unos-precios-de-ruina\/\" target=\"_self\">\r\n\t\t\t\tUPA destaca la extraordinaria comercializaci\u00f3n del aceite, pero alerta de unos \u00abprecios de ruina\u00bb\t\t\t<\/a>\r\n\t\t<\/h2>\r\n\t\t\t\t<div class=\"premium-blog-entry-meta\">\r\n\t\t\t\t\t\t\t<div class=\"premium-blog-post-author premium-blog-meta-data\">\r\n\t\t\t\t\t<i class=\"fa fa-user fa-fw\" aria-hidden=\"true\"><\/i>\r\n\t\t\t\t\t<a href=\"https:\/\/torredonjimenoactualidad.com\/index.php\/author\/jose-bueno\/\" rel=\"author\">Redaccion<\/a>\t\t\t\t<\/div>\r\n\t\t\t\r\n\t\t\t\t\t\t\t<span class=\"premium-blog-meta-separator\">\u2022<\/span>\r\n\t\t\t\t<div class=\"premium-blog-post-time premium-blog-meta-data\">\r\n\t\t\t\t\t<i class=\"fa fa-clock-o\" aria-hidden=\"true\"><\/i>\r\n\t\t\t\t\t<span>12 de agosto de 2026<\/span>\r\n\t\t\t\t<\/div>\r\n\t\t\t\r\n\t\t\t\t\t\t\t<span class=\"premium-blog-meta-separator\">\u2022<\/span>\r\n\t\t\t\t<div class=\"premium-blog-post-categories premium-blog-meta-data\">\r\n\t\t\t\t\t<i class=\"fa fa-align-left fa-fw\" aria-hidden=\"true\"><\/i>\r\n\t\t\t\t\t<a href=\"https:\/\/torredonjimenoactualidad.com\/index.php\/category\/provincia\/\" rel=\"category tag\">provincia<\/a>\t\t\t\t<\/div>\r\n\t\t\t\r\n\t\t\t\t\t<\/div>\r\n\t\t\r\n\t\t\t\t\t<\/div>\r\n\r\n\t\t\t\t\t\t\t\t\t\t\r\n\t\t\t\t<\/div>\r\n\t\t\t<\/div>\r\n\t\t<\/div>\r\n\r\n\t\t\t\t<div class=\"premium-blog-post-outer-container\" data-total=\"81\">\r\n\t\t\t<div class=\"premium-blog-post-container premium-blog-skin-classic\">\r\n\t\t\t\t\t\t\t\t\t<div class=\"premium-blog-thumb-effect-wrapper\">\r\n\t\t\t\t\t\t<div class=\"premium-blog-thumbnail-container premium-blog-zoomin-effect\">\r\n\t\t\t\t\t\t\t<img loading=\"lazy\" decoding=\"async\" width=\"1920\" height=\"1097\" src=\"https:\/\/torredonjimenoactualidad.com\/wp-content\/uploads\/2026\/08\/fotonoticia_20260810150035_1920.jpg\" class=\"attachment-full size-full wp-image-4951\" alt=\"\" srcset=\"https:\/\/torredonjimenoactualidad.com\/wp-content\/uploads\/2026\/08\/fotonoticia_20260810150035_1920.jpg 1920w, https:\/\/torredonjimenoactualidad.com\/wp-content\/uploads\/2026\/08\/fotonoticia_20260810150035_1920-300x171.jpg 300w, https:\/\/torredonjimenoactualidad.com\/wp-content\/uploads\/2026\/08\/fotonoticia_20260810150035_1920-1024x585.jpg 1024w, https:\/\/torredonjimenoactualidad.com\/wp-content\/uploads\/2026\/08\/fotonoticia_20260810150035_1920-768x439.jpg 768w, https:\/\/torredonjimenoactualidad.com\/wp-content\/uploads\/2026\/08\/fotonoticia_20260810150035_1920-1536x878.jpg 1536w\" sizes=\"auto, (max-width: 1920px) 100vw, 1920px\" \/>\t\t\t\t\t\t<\/div>\r\n\t\t\t\t\t\t\t\t\t\t\t\t\t<div class=\"premium-blog-thumbnail-overlay\">\r\n\t\t\t\t\t\t\t\t<a class=\"elementor-icon\" href=\"https:\/\/torredonjimenoactualidad.com\/index.php\/2026\/08\/10\/especialistas-del-hospital-de-jaen-recomiendan-gafas-homologadas-para-observar-el-eclipse-sin-riesgos\/\" target=\"_self\" aria-hidden=\"true\"><span>Especialistas del Hospital de Ja\u00e9n recomiendan gafas homologadas para observar el eclipse sin riesgos<\/span><\/a>\r\n\t\t\t\t\t\t\t<\/div>\r\n\t\t\t\t\t\t\t\t\t\t\t<\/div>\r\n\t\t\t\t\t\t\t\t\t\t\t\t<div class=\"premium-blog-content-wrapper \">\r\n\r\n\t\t\t\t\t<div class=\"premium-blog-inner-container\">\r\n\r\n\t\t\t\t\t\t\t\t\t\t\t\t\t\t<h2 class=\"premium-blog-entry-title\">\r\n\t\t\t<a href=\"https:\/\/torredonjimenoactualidad.com\/index.php\/2026\/08\/10\/especialistas-del-hospital-de-jaen-recomiendan-gafas-homologadas-para-observar-el-eclipse-sin-riesgos\/\" target=\"_self\">\r\n\t\t\t\tEspecialistas del Hospital de Ja\u00e9n recomiendan gafas homologadas para observar el eclipse sin riesgos\t\t\t<\/a>\r\n\t\t<\/h2>\r\n\t\t\t\t<div class=\"premium-blog-entry-meta\">\r\n\t\t\t\t\t\t\t<div class=\"premium-blog-post-author premium-blog-meta-data\">\r\n\t\t\t\t\t<i class=\"fa fa-user fa-fw\" aria-hidden=\"true\"><\/i>\r\n\t\t\t\t\t<a href=\"https:\/\/torredonjimenoactualidad.com\/index.php\/author\/jose-bueno\/\" rel=\"author\">Redaccion<\/a>\t\t\t\t<\/div>\r\n\t\t\t\r\n\t\t\t\t\t\t\t<span class=\"premium-blog-meta-separator\">\u2022<\/span>\r\n\t\t\t\t<div class=\"premium-blog-post-time premium-blog-meta-data\">\r\n\t\t\t\t\t<i class=\"fa fa-clock-o\" aria-hidden=\"true\"><\/i>\r\n\t\t\t\t\t<span>10 de agosto de 2026<\/span>\r\n\t\t\t\t<\/div>\r\n\t\t\t\r\n\t\t\t\t\t\t\t<span class=\"premium-blog-meta-separator\">\u2022<\/span>\r\n\t\t\t\t<div class=\"premium-blog-post-categories premium-blog-meta-data\">\r\n\t\t\t\t\t<i class=\"fa fa-align-left fa-fw\" aria-hidden=\"true\"><\/i>\r\n\t\t\t\t\t<a href=\"https:\/\/torredonjimenoactualidad.com\/index.php\/category\/provincia\/\" rel=\"category tag\">provincia<\/a>\t\t\t\t<\/div>\r\n\t\t\t\r\n\t\t\t\t\t<\/div>\r\n\t\t\r\n\t\t\t\t\t<\/div>\r\n\r\n\t\t\t\t\t\t\t\t\t\t\r\n\t\t\t\t<\/div>\r\n\t\t\t<\/div>\r\n\t\t<\/div>\r\n\r\n\t\t\t\t<\/div>\r\n\r\n\t\t\t\t<\/div>\n\t\t\t\t<\/div>\n\t\t\t\t\t<\/div>\n\t\t<\/div>\n\t\t\t\t\t\t\t<\/div>\n\t\t<\/section>\n\t\t\t\t<section class=\"elementor-section elementor-top-section elementor-element elementor-element-7a3241c elementor-section-boxed elementor-section-height-default elementor-section-height-default\" data-id=\"7a3241c\" data-element_type=\"section\">\n\t\t\t\t\t\t<div class=\"elementor-container elementor-column-gap-default\">\n\t\t\t\t\t<div class=\"elementor-column elementor-col-100 elementor-top-column elementor-element elementor-element-d7da6a9\" data-id=\"d7da6a9\" data-element_type=\"column\">\n\t\t\t<div class=\"elementor-widget-wrap elementor-element-populated\">\n\t\t\t\t\t\t\t\t<div class=\"elementor-element elementor-element-0ad4b4d elementor-invisible elementor-widget elementor-widget-jw-headline\" data-id=\"0ad4b4d\" data-element_type=\"widget\" data-settings=\"{&quot;_animation&quot;:&quot;fadeInLeft&quot;}\" data-widget_type=\"jw-headline.default\">\n\t\t\t\t<div class=\"elementor-widget-container\">\n\t\t\t<h2 class=\"jw-headline jw-headline--direction-horizontal\"><span class=\"jw-headline__part jw-headline__first\"><span class=\"jw-headline__deco jw-headline__deco-icon jet-widgets-icon\"><i aria-hidden=\"true\" class=\"fas fa-arrow-circle-right\"><\/i><\/span><span class=\"jw-headline__label\">Noticias<\/span><\/span><span class=\"jw-headline__space\">&nbsp;<\/span><span class=\"jw-headline__part jw-headline__second\"><span class=\"jw-headline__label\">deportes<\/span><\/span><span class=\"jw-headline__divider jw-headline__right-divider\"><\/span><\/h2>\t\t<\/div>\n\t\t\t\t<\/div>\n\t\t\t\t<div class=\"elementor-element elementor-element-5d23d66 premium-blog-align-left elementor-widget elementor-widget-premium-addon-blog\" data-id=\"5d23d66\" data-element_type=\"widget\" data-settings=\"{&quot;premium_blog_columns_number&quot;:&quot;33.33%&quot;,&quot;premium_blog_carousel&quot;:&quot;yes&quot;,&quot;premium_blog_carousel_play&quot;:&quot;yes&quot;,&quot;premium_blog_carousel_dots&quot;:&quot;yes&quot;,&quot;premium_blog_grid&quot;:&quot;yes&quot;,&quot;premium_blog_layout&quot;:&quot;even&quot;,&quot;premium_blog_columns_number_tablet&quot;:&quot;50%&quot;,&quot;premium_blog_columns_number_mobile&quot;:&quot;100%&quot;,&quot;premium_blog_carousel_autoplay_speed&quot;:5000,&quot;carousel_speed&quot;:300,&quot;premium_blog_carousel_spacing&quot;:&quot;15&quot;}\" data-widget_type=\"premium-addon-blog.default\">\n\t\t\t\t<div class=\"elementor-widget-container\">\n\t\t\t\r\n\t\t\t\t<div class=\"premium-blog-wrap  premium-blog-even premium-carousel-hidden\" data-page=\"10\">\r\n\t\t\t\t\t<div class=\"premium-blog-post-outer-container\" data-total=\"3\">\r\n\t\t\t<div class=\"premium-blog-post-container premium-blog-skin-classic\">\r\n\t\t\t\t\t\t\t\t\t<div class=\"premium-blog-thumb-effect-wrapper\">\r\n\t\t\t\t\t\t<div class=\"premium-blog-thumbnail-container premium-blog-zoomin-effect\">\r\n\t\t\t\t\t\t\t<img loading=\"lazy\" decoding=\"async\" width=\"2560\" height=\"1463\" src=\"https:\/\/torredonjimenoactualidad.com\/wp-content\/uploads\/2026\/05\/f1ee60eb-345c-470e-9dd2-fea817cb110e-scaled.jpg\" class=\"attachment-full size-full wp-image-4836\" alt=\"\" srcset=\"https:\/\/torredonjimenoactualidad.com\/wp-content\/uploads\/2026\/05\/f1ee60eb-345c-470e-9dd2-fea817cb110e-scaled.jpg 2560w, https:\/\/torredonjimenoactualidad.com\/wp-content\/uploads\/2026\/05\/f1ee60eb-345c-470e-9dd2-fea817cb110e-300x171.jpg 300w, https:\/\/torredonjimenoactualidad.com\/wp-content\/uploads\/2026\/05\/f1ee60eb-345c-470e-9dd2-fea817cb110e-1024x585.jpg 1024w, https:\/\/torredonjimenoactualidad.com\/wp-content\/uploads\/2026\/05\/f1ee60eb-345c-470e-9dd2-fea817cb110e-768x439.jpg 768w, https:\/\/torredonjimenoactualidad.com\/wp-content\/uploads\/2026\/05\/f1ee60eb-345c-470e-9dd2-fea817cb110e-1536x878.jpg 1536w, https:\/\/torredonjimenoactualidad.com\/wp-content\/uploads\/2026\/05\/f1ee60eb-345c-470e-9dd2-fea817cb110e-2048x1170.jpg 2048w\" sizes=\"auto, (max-width: 2560px) 100vw, 2560px\" \/>\t\t\t\t\t\t<\/div>\r\n\t\t\t\t\t\t\t\t\t\t\t\t\t<div class=\"premium-blog-thumbnail-overlay\">\r\n\t\t\t\t\t\t\t\t<a class=\"elementor-icon\" href=\"https:\/\/torredonjimenoactualidad.com\/index.php\/2026\/05\/22\/cruz-roja-organiza-en-torredonjimeno-un-campeonato-solidario-de-petanca-para-recaudar-fondos\/\" target=\"_self\" aria-hidden=\"true\"><span>Cruz Roja organiza en Torredonjimeno un campeonato solidario de petanca para recaudar fondos<\/span><\/a>\r\n\t\t\t\t\t\t\t<\/div>\r\n\t\t\t\t\t\t\t\t\t\t\t<\/div>\r\n\t\t\t\t\t\t\t\t\t\t\t\t<div class=\"premium-blog-content-wrapper \">\r\n\r\n\t\t\t\t\t<div class=\"premium-blog-inner-container\">\r\n\r\n\t\t\t\t\t\t\t\t\t\t\t\t\t\t<h2 class=\"premium-blog-entry-title\">\r\n\t\t\t<a href=\"https:\/\/torredonjimenoactualidad.com\/index.php\/2026\/05\/22\/cruz-roja-organiza-en-torredonjimeno-un-campeonato-solidario-de-petanca-para-recaudar-fondos\/\" target=\"_self\">\r\n\t\t\t\tCruz Roja organiza en Torredonjimeno un campeonato solidario de petanca para recaudar fondos\t\t\t<\/a>\r\n\t\t<\/h2>\r\n\t\t\t\t<div class=\"premium-blog-entry-meta\">\r\n\t\t\t\t\t\t\t<div class=\"premium-blog-post-author premium-blog-meta-data\">\r\n\t\t\t\t\t<i class=\"fa fa-user fa-fw\" aria-hidden=\"true\"><\/i>\r\n\t\t\t\t\t<a href=\"https:\/\/torredonjimenoactualidad.com\/index.php\/author\/alba-torres\/\" rel=\"author\">Alba Mar\u00eda Torres<\/a>\t\t\t\t<\/div>\r\n\t\t\t\r\n\t\t\t\t\t\t\t<span class=\"premium-blog-meta-separator\">\u2022<\/span>\r\n\t\t\t\t<div class=\"premium-blog-post-time premium-blog-meta-data\">\r\n\t\t\t\t\t<i class=\"fa fa-clock-o\" aria-hidden=\"true\"><\/i>\r\n\t\t\t\t\t<span>22 de mayo de 2026<\/span>\r\n\t\t\t\t<\/div>\r\n\t\t\t\r\n\t\t\t\t\t\t\t<span class=\"premium-blog-meta-separator\">\u2022<\/span>\r\n\t\t\t\t<div class=\"premium-blog-post-categories premium-blog-meta-data\">\r\n\t\t\t\t\t<i class=\"fa fa-align-left fa-fw\" aria-hidden=\"true\"><\/i>\r\n\t\t\t\t\t<a href=\"https:\/\/torredonjimenoactualidad.com\/index.php\/category\/deportes\/\" rel=\"category tag\">deportes<\/a>\t\t\t\t<\/div>\r\n\t\t\t\r\n\t\t\t\t\t<\/div>\r\n\t\t\r\n\t\t\t\t\t<\/div>\r\n\r\n\t\t\t\t\t\t\t\t\t\t\r\n\t\t\t\t<\/div>\r\n\t\t\t<\/div>\r\n\t\t<\/div>\r\n\r\n\t\t\t\t<div class=\"premium-blog-post-outer-container\" data-total=\"3\">\r\n\t\t\t<div class=\"premium-blog-post-container premium-blog-skin-classic\">\r\n\t\t\t\t\t\t\t\t\t<div class=\"premium-blog-thumb-effect-wrapper\">\r\n\t\t\t\t\t\t<div class=\"premium-blog-thumbnail-container premium-blog-zoomin-effect\">\r\n\t\t\t\t\t\t\t<img loading=\"lazy\" decoding=\"async\" width=\"1600\" height=\"914\" src=\"https:\/\/torredonjimenoactualidad.com\/wp-content\/uploads\/2026\/02\/634246626_122124418905034436_3642624345511887729_n-1.jpg\" class=\"attachment-full size-full wp-image-4546\" alt=\"\" srcset=\"https:\/\/torredonjimenoactualidad.com\/wp-content\/uploads\/2026\/02\/634246626_122124418905034436_3642624345511887729_n-1.jpg 1600w, https:\/\/torredonjimenoactualidad.com\/wp-content\/uploads\/2026\/02\/634246626_122124418905034436_3642624345511887729_n-1-300x171.jpg 300w, https:\/\/torredonjimenoactualidad.com\/wp-content\/uploads\/2026\/02\/634246626_122124418905034436_3642624345511887729_n-1-1024x585.jpg 1024w, https:\/\/torredonjimenoactualidad.com\/wp-content\/uploads\/2026\/02\/634246626_122124418905034436_3642624345511887729_n-1-768x439.jpg 768w, https:\/\/torredonjimenoactualidad.com\/wp-content\/uploads\/2026\/02\/634246626_122124418905034436_3642624345511887729_n-1-1536x877.jpg 1536w\" sizes=\"auto, (max-width: 1600px) 100vw, 1600px\" \/>\t\t\t\t\t\t<\/div>\r\n\t\t\t\t\t\t\t\t\t\t\t\t\t<div class=\"premium-blog-thumbnail-overlay\">\r\n\t\t\t\t\t\t\t\t<a class=\"elementor-icon\" href=\"https:\/\/torredonjimenoactualidad.com\/index.php\/2026\/02\/17\/la-petanca-vuelve-a-rodar-tras-el-temporal-con-una-jornada-marcada-por-la-convivencia-y-la-alta-participacion-2\/\" target=\"_self\" aria-hidden=\"true\"><span>La petanca vuelve a rodar tras el temporal con una jornada marcada por la convivencia y la alta participaci\u00f3n<\/span><\/a>\r\n\t\t\t\t\t\t\t<\/div>\r\n\t\t\t\t\t\t\t\t\t\t\t<\/div>\r\n\t\t\t\t\t\t\t\t\t\t\t\t<div class=\"premium-blog-content-wrapper \">\r\n\r\n\t\t\t\t\t<div class=\"premium-blog-inner-container\">\r\n\r\n\t\t\t\t\t\t\t\t\t\t\t\t\t\t<h2 class=\"premium-blog-entry-title\">\r\n\t\t\t<a href=\"https:\/\/torredonjimenoactualidad.com\/index.php\/2026\/02\/17\/la-petanca-vuelve-a-rodar-tras-el-temporal-con-una-jornada-marcada-por-la-convivencia-y-la-alta-participacion-2\/\" target=\"_self\">\r\n\t\t\t\tLa petanca vuelve a rodar tras el temporal con una jornada marcada por la convivencia y la alta participaci\u00f3n\t\t\t<\/a>\r\n\t\t<\/h2>\r\n\t\t\t\t<div class=\"premium-blog-entry-meta\">\r\n\t\t\t\t\t\t\t<div class=\"premium-blog-post-author premium-blog-meta-data\">\r\n\t\t\t\t\t<i class=\"fa fa-user fa-fw\" aria-hidden=\"true\"><\/i>\r\n\t\t\t\t\t<a href=\"https:\/\/torredonjimenoactualidad.com\/index.php\/author\/alba-torres\/\" rel=\"author\">Alba Mar\u00eda Torres<\/a>\t\t\t\t<\/div>\r\n\t\t\t\r\n\t\t\t\t\t\t\t<span class=\"premium-blog-meta-separator\">\u2022<\/span>\r\n\t\t\t\t<div class=\"premium-blog-post-time premium-blog-meta-data\">\r\n\t\t\t\t\t<i class=\"fa fa-clock-o\" aria-hidden=\"true\"><\/i>\r\n\t\t\t\t\t<span>17 de febrero de 2026<\/span>\r\n\t\t\t\t<\/div>\r\n\t\t\t\r\n\t\t\t\t\t\t\t<span class=\"premium-blog-meta-separator\">\u2022<\/span>\r\n\t\t\t\t<div class=\"premium-blog-post-categories premium-blog-meta-data\">\r\n\t\t\t\t\t<i class=\"fa fa-align-left fa-fw\" aria-hidden=\"true\"><\/i>\r\n\t\t\t\t\t<a href=\"https:\/\/torredonjimenoactualidad.com\/index.php\/category\/deportes\/\" rel=\"category tag\">deportes<\/a>\t\t\t\t<\/div>\r\n\t\t\t\r\n\t\t\t\t\t<\/div>\r\n\t\t\r\n\t\t\t\t\t<\/div>\r\n\r\n\t\t\t\t\t\t\t\t\t\t\r\n\t\t\t\t<\/div>\r\n\t\t\t<\/div>\r\n\t\t<\/div>\r\n\r\n\t\t\t\t<div class=\"premium-blog-post-outer-container\" data-total=\"3\">\r\n\t\t\t<div class=\"premium-blog-post-container premium-blog-skin-classic\">\r\n\t\t\t\t\t\t\t\t\t<div class=\"premium-blog-thumb-effect-wrapper\">\r\n\t\t\t\t\t\t<div class=\"premium-blog-thumbnail-container premium-blog-zoomin-effect\">\r\n\t\t\t\t\t\t\t<img loading=\"lazy\" decoding=\"async\" width=\"1600\" height=\"914\" src=\"https:\/\/torredonjimenoactualidad.com\/wp-content\/uploads\/2026\/02\/634246626_122124418905034436_3642624345511887729_n.jpg\" class=\"attachment-full size-full wp-image-4536\" alt=\"\" srcset=\"https:\/\/torredonjimenoactualidad.com\/wp-content\/uploads\/2026\/02\/634246626_122124418905034436_3642624345511887729_n.jpg 1600w, https:\/\/torredonjimenoactualidad.com\/wp-content\/uploads\/2026\/02\/634246626_122124418905034436_3642624345511887729_n-300x171.jpg 300w, https:\/\/torredonjimenoactualidad.com\/wp-content\/uploads\/2026\/02\/634246626_122124418905034436_3642624345511887729_n-1024x585.jpg 1024w, https:\/\/torredonjimenoactualidad.com\/wp-content\/uploads\/2026\/02\/634246626_122124418905034436_3642624345511887729_n-768x439.jpg 768w, https:\/\/torredonjimenoactualidad.com\/wp-content\/uploads\/2026\/02\/634246626_122124418905034436_3642624345511887729_n-1536x877.jpg 1536w\" sizes=\"auto, (max-width: 1600px) 100vw, 1600px\" \/>\t\t\t\t\t\t<\/div>\r\n\t\t\t\t\t\t\t\t\t\t\t\t\t<div class=\"premium-blog-thumbnail-overlay\">\r\n\t\t\t\t\t\t\t\t<a class=\"elementor-icon\" href=\"https:\/\/torredonjimenoactualidad.com\/index.php\/2026\/02\/16\/la-petanca-vuelve-a-rodar-tras-el-temporal-con-una-jornada-marcada-por-la-convivencia-y-la-alta-participacion\/\" target=\"_self\" aria-hidden=\"true\"><span>La petanca vuelve a rodar tras el temporal con una jornada marcada por la convivencia y la alta participaci\u00f3n<\/span><\/a>\r\n\t\t\t\t\t\t\t<\/div>\r\n\t\t\t\t\t\t\t\t\t\t\t<\/div>\r\n\t\t\t\t\t\t\t\t\t\t\t\t<div class=\"premium-blog-content-wrapper \">\r\n\r\n\t\t\t\t\t<div class=\"premium-blog-inner-container\">\r\n\r\n\t\t\t\t\t\t\t\t\t\t\t\t\t\t<h2 class=\"premium-blog-entry-title\">\r\n\t\t\t<a href=\"https:\/\/torredonjimenoactualidad.com\/index.php\/2026\/02\/16\/la-petanca-vuelve-a-rodar-tras-el-temporal-con-una-jornada-marcada-por-la-convivencia-y-la-alta-participacion\/\" target=\"_self\">\r\n\t\t\t\tLa petanca vuelve a rodar tras el temporal con una jornada marcada por la convivencia y la alta participaci\u00f3n\t\t\t<\/a>\r\n\t\t<\/h2>\r\n\t\t\t\t<div class=\"premium-blog-entry-meta\">\r\n\t\t\t\t\t\t\t<div class=\"premium-blog-post-author premium-blog-meta-data\">\r\n\t\t\t\t\t<i class=\"fa fa-user fa-fw\" aria-hidden=\"true\"><\/i>\r\n\t\t\t\t\t<a href=\"https:\/\/torredonjimenoactualidad.com\/index.php\/author\/alba-torres\/\" rel=\"author\">Alba Mar\u00eda Torres<\/a>\t\t\t\t<\/div>\r\n\t\t\t\r\n\t\t\t\t\t\t\t<span class=\"premium-blog-meta-separator\">\u2022<\/span>\r\n\t\t\t\t<div class=\"premium-blog-post-time premium-blog-meta-data\">\r\n\t\t\t\t\t<i class=\"fa fa-clock-o\" aria-hidden=\"true\"><\/i>\r\n\t\t\t\t\t<span>16 de febrero de 2026<\/span>\r\n\t\t\t\t<\/div>\r\n\t\t\t\r\n\t\t\t\t\t\t\t<span class=\"premium-blog-meta-separator\">\u2022<\/span>\r\n\t\t\t\t<div class=\"premium-blog-post-categories premium-blog-meta-data\">\r\n\t\t\t\t\t<i class=\"fa fa-align-left fa-fw\" aria-hidden=\"true\"><\/i>\r\n\t\t\t\t\t<a href=\"https:\/\/torredonjimenoactualidad.com\/index.php\/category\/deportes\/\" rel=\"category tag\">deportes<\/a>\t\t\t\t<\/div>\r\n\t\t\t\r\n\t\t\t\t\t<\/div>\r\n\t\t\r\n\t\t\t\t\t<\/div>\r\n\r\n\t\t\t\t\t\t\t\t\t\t\r\n\t\t\t\t<\/div>\r\n\t\t\t<\/div>\r\n\t\t<\/div>\r\n\r\n\t\t\t\t<div class=\"premium-blog-post-outer-container\" data-total=\"3\">\r\n\t\t\t<div class=\"premium-blog-post-container premium-blog-skin-classic\">\r\n\t\t\t\t\t\t\t\t\t<div class=\"premium-blog-thumb-effect-wrapper\">\r\n\t\t\t\t\t\t<div class=\"premium-blog-thumbnail-container premium-blog-zoomin-effect\">\r\n\t\t\t\t\t\t\t<img loading=\"lazy\" decoding=\"async\" width=\"2048\" height=\"1170\" src=\"https:\/\/torredonjimenoactualidad.com\/wp-content\/uploads\/2025\/08\/515504111_122175066698440367_8907206824346384742_n.jpg\" class=\"attachment-full size-full wp-image-3695\" alt=\"\" srcset=\"https:\/\/torredonjimenoactualidad.com\/wp-content\/uploads\/2025\/08\/515504111_122175066698440367_8907206824346384742_n.jpg 2048w, https:\/\/torredonjimenoactualidad.com\/wp-content\/uploads\/2025\/08\/515504111_122175066698440367_8907206824346384742_n-300x171.jpg 300w, https:\/\/torredonjimenoactualidad.com\/wp-content\/uploads\/2025\/08\/515504111_122175066698440367_8907206824346384742_n-1024x585.jpg 1024w, https:\/\/torredonjimenoactualidad.com\/wp-content\/uploads\/2025\/08\/515504111_122175066698440367_8907206824346384742_n-768x439.jpg 768w, https:\/\/torredonjimenoactualidad.com\/wp-content\/uploads\/2025\/08\/515504111_122175066698440367_8907206824346384742_n-1536x878.jpg 1536w\" sizes=\"auto, (max-width: 2048px) 100vw, 2048px\" \/>\t\t\t\t\t\t<\/div>\r\n\t\t\t\t\t\t\t\t\t\t\t\t\t<div class=\"premium-blog-thumbnail-overlay\">\r\n\t\t\t\t\t\t\t\t<a class=\"elementor-icon\" href=\"https:\/\/torredonjimenoactualidad.com\/index.php\/2025\/08\/08\/jamilena-acogera-la-i-carrera-solidaria-por-la-discapacidad-en-memoria-de-maria-jose-vela\/\" target=\"_self\" aria-hidden=\"true\"><span>Jamilena acoger\u00e1 la I Carrera Solidaria por la Discapacidad en memoria de Mar\u00eda Jos\u00e9 Vela<\/span><\/a>\r\n\t\t\t\t\t\t\t<\/div>\r\n\t\t\t\t\t\t\t\t\t\t\t<\/div>\r\n\t\t\t\t\t\t\t\t\t\t\t\t<div class=\"premium-blog-content-wrapper \">\r\n\r\n\t\t\t\t\t<div class=\"premium-blog-inner-container\">\r\n\r\n\t\t\t\t\t\t\t\t\t\t\t\t\t\t<h2 class=\"premium-blog-entry-title\">\r\n\t\t\t<a href=\"https:\/\/torredonjimenoactualidad.com\/index.php\/2025\/08\/08\/jamilena-acogera-la-i-carrera-solidaria-por-la-discapacidad-en-memoria-de-maria-jose-vela\/\" target=\"_self\">\r\n\t\t\t\tJamilena acoger\u00e1 la I Carrera Solidaria por la Discapacidad en memoria de Mar\u00eda Jos\u00e9 Vela\t\t\t<\/a>\r\n\t\t<\/h2>\r\n\t\t\t\t<div class=\"premium-blog-entry-meta\">\r\n\t\t\t\t\t\t\t<div class=\"premium-blog-post-author premium-blog-meta-data\">\r\n\t\t\t\t\t<i class=\"fa fa-user fa-fw\" aria-hidden=\"true\"><\/i>\r\n\t\t\t\t\t<a href=\"https:\/\/torredonjimenoactualidad.com\/index.php\/author\/jose-bueno\/\" rel=\"author\">Redaccion<\/a>\t\t\t\t<\/div>\r\n\t\t\t\r\n\t\t\t\t\t\t\t<span class=\"premium-blog-meta-separator\">\u2022<\/span>\r\n\t\t\t\t<div class=\"premium-blog-post-time premium-blog-meta-data\">\r\n\t\t\t\t\t<i class=\"fa fa-clock-o\" aria-hidden=\"true\"><\/i>\r\n\t\t\t\t\t<span>8 de agosto de 2025<\/span>\r\n\t\t\t\t<\/div>\r\n\t\t\t\r\n\t\t\t\t\t\t\t<span class=\"premium-blog-meta-separator\">\u2022<\/span>\r\n\t\t\t\t<div class=\"premium-blog-post-categories premium-blog-meta-data\">\r\n\t\t\t\t\t<i class=\"fa fa-align-left fa-fw\" aria-hidden=\"true\"><\/i>\r\n\t\t\t\t\t<a href=\"https:\/\/torredonjimenoactualidad.com\/index.php\/category\/deportes\/\" rel=\"category tag\">deportes<\/a>\t\t\t\t<\/div>\r\n\t\t\t\r\n\t\t\t\t\t<\/div>\r\n\t\t\r\n\t\t\t\t\t<\/div>\r\n\r\n\t\t\t\t\t\t\t\t\t\t\r\n\t\t\t\t<\/div>\r\n\t\t\t<\/div>\r\n\t\t<\/div>\r\n\r\n\t\t\t\t<div class=\"premium-blog-post-outer-container\" data-total=\"3\">\r\n\t\t\t<div class=\"premium-blog-post-container premium-blog-skin-classic\">\r\n\t\t\t\t\t\t\t\t\t<div class=\"premium-blog-thumb-effect-wrapper\">\r\n\t\t\t\t\t\t<div class=\"premium-blog-thumbnail-container premium-blog-zoomin-effect\">\r\n\t\t\t\t\t\t\t<img loading=\"lazy\" decoding=\"async\" width=\"1265\" height=\"723\" src=\"https:\/\/torredonjimenoactualidad.com\/wp-content\/uploads\/2025\/03\/486784160_995724859325923_1059116675859616409_n.jpg\" class=\"attachment-full size-full wp-image-3277\" alt=\"\" srcset=\"https:\/\/torredonjimenoactualidad.com\/wp-content\/uploads\/2025\/03\/486784160_995724859325923_1059116675859616409_n.jpg 1265w, https:\/\/torredonjimenoactualidad.com\/wp-content\/uploads\/2025\/03\/486784160_995724859325923_1059116675859616409_n-300x171.jpg 300w, https:\/\/torredonjimenoactualidad.com\/wp-content\/uploads\/2025\/03\/486784160_995724859325923_1059116675859616409_n-1024x585.jpg 1024w, https:\/\/torredonjimenoactualidad.com\/wp-content\/uploads\/2025\/03\/486784160_995724859325923_1059116675859616409_n-768x439.jpg 768w\" sizes=\"auto, (max-width: 1265px) 100vw, 1265px\" \/>\t\t\t\t\t\t<\/div>\r\n\t\t\t\t\t\t\t\t\t\t\t\t\t<div class=\"premium-blog-thumbnail-overlay\">\r\n\t\t\t\t\t\t\t\t<a class=\"elementor-icon\" href=\"https:\/\/torredonjimenoactualidad.com\/index.php\/2025\/03\/26\/presentada-en-jaen-la-41a-edicion-de-la-clasica-ciudad-de-torredonjimeno-una-cita-clave-en-la-copa-de-espana-de-ciclismo\/\" target=\"_self\" aria-hidden=\"true\"><span>Presentada en Ja\u00e9n la 41\u00aa edici\u00f3n de la Cl\u00e1sica Ciudad de Torredonjimeno, una cita clave en la Copa de Espa\u00f1a de Ciclismo<\/span><\/a>\r\n\t\t\t\t\t\t\t<\/div>\r\n\t\t\t\t\t\t\t\t\t\t\t<\/div>\r\n\t\t\t\t\t\t\t\t\t\t\t\t<div class=\"premium-blog-content-wrapper \">\r\n\r\n\t\t\t\t\t<div class=\"premium-blog-inner-container\">\r\n\r\n\t\t\t\t\t\t\t\t\t\t\t\t\t\t<h2 class=\"premium-blog-entry-title\">\r\n\t\t\t<a href=\"https:\/\/torredonjimenoactualidad.com\/index.php\/2025\/03\/26\/presentada-en-jaen-la-41a-edicion-de-la-clasica-ciudad-de-torredonjimeno-una-cita-clave-en-la-copa-de-espana-de-ciclismo\/\" target=\"_self\">\r\n\t\t\t\tPresentada en Ja\u00e9n la 41\u00aa edici\u00f3n de la Cl\u00e1sica Ciudad de Torredonjimeno, una cita clave en la Copa de Espa\u00f1a de Ciclismo\t\t\t<\/a>\r\n\t\t<\/h2>\r\n\t\t\t\t<div class=\"premium-blog-entry-meta\">\r\n\t\t\t\t\t\t\t<div class=\"premium-blog-post-author premium-blog-meta-data\">\r\n\t\t\t\t\t<i class=\"fa fa-user fa-fw\" aria-hidden=\"true\"><\/i>\r\n\t\t\t\t\t<a href=\"https:\/\/torredonjimenoactualidad.com\/index.php\/author\/alba-torres\/\" rel=\"author\">Alba Mar\u00eda Torres<\/a>\t\t\t\t<\/div>\r\n\t\t\t\r\n\t\t\t\t\t\t\t<span class=\"premium-blog-meta-separator\">\u2022<\/span>\r\n\t\t\t\t<div class=\"premium-blog-post-time premium-blog-meta-data\">\r\n\t\t\t\t\t<i class=\"fa fa-clock-o\" aria-hidden=\"true\"><\/i>\r\n\t\t\t\t\t<span>26 de marzo de 2025<\/span>\r\n\t\t\t\t<\/div>\r\n\t\t\t\r\n\t\t\t\t\t\t\t<span class=\"premium-blog-meta-separator\">\u2022<\/span>\r\n\t\t\t\t<div class=\"premium-blog-post-categories premium-blog-meta-data\">\r\n\t\t\t\t\t<i class=\"fa fa-align-left fa-fw\" aria-hidden=\"true\"><\/i>\r\n\t\t\t\t\t<a href=\"https:\/\/torredonjimenoactualidad.com\/index.php\/category\/deportes\/\" rel=\"category tag\">deportes<\/a>\t\t\t\t<\/div>\r\n\t\t\t\r\n\t\t\t\t\t<\/div>\r\n\t\t\r\n\t\t\t\t\t<\/div>\r\n\r\n\t\t\t\t\t\t\t\t\t\t\r\n\t\t\t\t<\/div>\r\n\t\t\t<\/div>\r\n\t\t<\/div>\r\n\r\n\t\t\t\t<\/div>\r\n\r\n\t\t\t\t<\/div>\n\t\t\t\t<\/div>\n\t\t\t\t\t<\/div>\n\t\t<\/div>\n\t\t\t\t\t\t\t<\/div>\n\t\t<\/section>\n\t\t\t\t<section class=\"elementor-section elementor-top-section elementor-element elementor-element-8356136 elementor-section-boxed elementor-section-height-default elementor-section-height-default\" data-id=\"8356136\" data-element_type=\"section\" data-settings=\"{&quot;background_background&quot;:&quot;classic&quot;}\">\n\t\t\t\t\t\t<div class=\"elementor-container elementor-column-gap-default\">\n\t\t\t\t\t<div class=\"elementor-column elementor-col-100 elementor-top-column elementor-element elementor-element-da795cb\" data-id=\"da795cb\" data-element_type=\"column\">\n\t\t\t<div class=\"elementor-widget-wrap elementor-element-populated\">\n\t\t\t\t\t\t\t\t<div class=\"elementor-element elementor-element-a8e0cd6 elementor-invisible elementor-widget elementor-widget-jw-headline\" data-id=\"a8e0cd6\" data-element_type=\"widget\" data-settings=\"{&quot;_animation&quot;:&quot;fadeInLeft&quot;}\" data-widget_type=\"jw-headline.default\">\n\t\t\t\t<div class=\"elementor-widget-container\">\n\t\t\t<h2 class=\"jw-headline jw-headline--direction-horizontal\"><span class=\"jw-headline__divider jw-headline__left-divider\"><\/span><span class=\"jw-headline__part jw-headline__first\"><span class=\"jw-headline__deco jw-headline__deco-icon jet-widgets-icon\"><i aria-hidden=\"true\" class=\"fas fa-arrow-circle-right\"><\/i><\/span><span class=\"jw-headline__label\">Noticias<\/span><\/span><span class=\"jw-headline__space\">&nbsp;<\/span><span class=\"jw-headline__part jw-headline__second\"><span class=\"jw-headline__label\">cultura<\/span><\/span><span class=\"jw-headline__divider jw-headline__right-divider\"><\/span><\/h2>\t\t<\/div>\n\t\t\t\t<\/div>\n\t\t\t\t<div class=\"elementor-element elementor-element-29768cf premium-blog-align-left elementor-widget elementor-widget-premium-addon-blog\" data-id=\"29768cf\" data-element_type=\"widget\" data-settings=\"{&quot;premium_blog_carousel&quot;:&quot;yes&quot;,&quot;premium_blog_carousel_play&quot;:&quot;yes&quot;,&quot;premium_blog_carousel_dots&quot;:&quot;yes&quot;,&quot;premium_blog_grid&quot;:&quot;yes&quot;,&quot;premium_blog_layout&quot;:&quot;even&quot;,&quot;premium_blog_columns_number&quot;:&quot;50%&quot;,&quot;premium_blog_columns_number_tablet&quot;:&quot;50%&quot;,&quot;premium_blog_columns_number_mobile&quot;:&quot;100%&quot;,&quot;premium_blog_carousel_autoplay_speed&quot;:5000,&quot;carousel_speed&quot;:300,&quot;premium_blog_carousel_spacing&quot;:&quot;15&quot;}\" data-widget_type=\"premium-addon-blog.default\">\n\t\t\t\t<div class=\"elementor-widget-container\">\n\t\t\t\r\n\t\t\t\t<div class=\"premium-blog-wrap  premium-blog-even premium-carousel-hidden\" data-page=\"10\">\r\n\t\t\t\t\t<div class=\"premium-blog-post-outer-container\" data-total=\"7\">\r\n\t\t\t<div class=\"premium-blog-post-container premium-blog-skin-classic\">\r\n\t\t\t\t\t\t\t\t\t<div class=\"premium-blog-thumb-effect-wrapper\">\r\n\t\t\t\t\t\t<div class=\"premium-blog-thumbnail-container premium-blog-zoomin-effect\">\r\n\t\t\t\t\t\t\t<img loading=\"lazy\" decoding=\"async\" width=\"1866\" height=\"1066\" src=\"https:\/\/torredonjimenoactualidad.com\/wp-content\/uploads\/2026\/06\/fotonoticia_20260603150439_1920.jpg\" class=\"attachment-full size-full wp-image-4869\" alt=\"\" srcset=\"https:\/\/torredonjimenoactualidad.com\/wp-content\/uploads\/2026\/06\/fotonoticia_20260603150439_1920.jpg 1866w, https:\/\/torredonjimenoactualidad.com\/wp-content\/uploads\/2026\/06\/fotonoticia_20260603150439_1920-300x171.jpg 300w, https:\/\/torredonjimenoactualidad.com\/wp-content\/uploads\/2026\/06\/fotonoticia_20260603150439_1920-1024x585.jpg 1024w, https:\/\/torredonjimenoactualidad.com\/wp-content\/uploads\/2026\/06\/fotonoticia_20260603150439_1920-768x439.jpg 768w, https:\/\/torredonjimenoactualidad.com\/wp-content\/uploads\/2026\/06\/fotonoticia_20260603150439_1920-1536x877.jpg 1536w\" sizes=\"auto, (max-width: 1866px) 100vw, 1866px\" \/>\t\t\t\t\t\t<\/div>\r\n\t\t\t\t\t\t\t\t\t\t\t\t\t<div class=\"premium-blog-thumbnail-overlay\">\r\n\t\t\t\t\t\t\t\t<a class=\"elementor-icon\" href=\"https:\/\/torredonjimenoactualidad.com\/index.php\/2026\/06\/03\/el-premio-de-relatos-sobre-olivar-aceite-de-oliva-y-oleoturismo-repartira-3-600-euros-en-premios\/\" target=\"_self\" aria-hidden=\"true\"><span>El Premio de Relatos sobre Olivar, Aceite de Oliva y Oleoturismo repartir\u00e1 3.600 euros en premios<\/span><\/a>\r\n\t\t\t\t\t\t\t<\/div>\r\n\t\t\t\t\t\t\t\t\t\t\t<\/div>\r\n\t\t\t\t\t\t\t\t\t\t\t\t<div class=\"premium-blog-content-wrapper \">\r\n\r\n\t\t\t\t\t<div class=\"premium-blog-inner-container\">\r\n\r\n\t\t\t\t\t\t\t\t\t\t\t\t\t\t<h2 class=\"premium-blog-entry-title\">\r\n\t\t\t<a href=\"https:\/\/torredonjimenoactualidad.com\/index.php\/2026\/06\/03\/el-premio-de-relatos-sobre-olivar-aceite-de-oliva-y-oleoturismo-repartira-3-600-euros-en-premios\/\" target=\"_self\">\r\n\t\t\t\tEl Premio de Relatos sobre Olivar, Aceite de Oliva y Oleoturismo repartir\u00e1 3.600 euros en premios\t\t\t<\/a>\r\n\t\t<\/h2>\r\n\t\t\t\t<div class=\"premium-blog-entry-meta\">\r\n\t\t\t\t\t\t\t<div class=\"premium-blog-post-author premium-blog-meta-data\">\r\n\t\t\t\t\t<i class=\"fa fa-user fa-fw\" aria-hidden=\"true\"><\/i>\r\n\t\t\t\t\t<a href=\"https:\/\/torredonjimenoactualidad.com\/index.php\/author\/alba-torres\/\" rel=\"author\">Alba Mar\u00eda Torres<\/a>\t\t\t\t<\/div>\r\n\t\t\t\r\n\t\t\t\t\t\t\t<span class=\"premium-blog-meta-separator\">\u2022<\/span>\r\n\t\t\t\t<div class=\"premium-blog-post-time premium-blog-meta-data\">\r\n\t\t\t\t\t<i class=\"fa fa-clock-o\" aria-hidden=\"true\"><\/i>\r\n\t\t\t\t\t<span>3 de junio de 2026<\/span>\r\n\t\t\t\t<\/div>\r\n\t\t\t\r\n\t\t\t\t\t\t\t<span class=\"premium-blog-meta-separator\">\u2022<\/span>\r\n\t\t\t\t<div class=\"premium-blog-post-categories premium-blog-meta-data\">\r\n\t\t\t\t\t<i class=\"fa fa-align-left fa-fw\" aria-hidden=\"true\"><\/i>\r\n\t\t\t\t\t<a href=\"https:\/\/torredonjimenoactualidad.com\/index.php\/category\/cultura\/\" rel=\"category tag\">cultura<\/a>\t\t\t\t<\/div>\r\n\t\t\t\r\n\t\t\t\t\t<\/div>\r\n\t\t\r\n\t\t\t\t\t<\/div>\r\n\r\n\t\t\t\t\t\t\t\t\t\t\r\n\t\t\t\t<\/div>\r\n\t\t\t<\/div>\r\n\t\t<\/div>\r\n\r\n\t\t\t\t<div class=\"premium-blog-post-outer-container\" data-total=\"7\">\r\n\t\t\t<div class=\"premium-blog-post-container premium-blog-skin-classic\">\r\n\t\t\t\t\t\t\t\t\t<div class=\"premium-blog-thumb-effect-wrapper\">\r\n\t\t\t\t\t\t<div class=\"premium-blog-thumbnail-container premium-blog-zoomin-effect\">\r\n\t\t\t\t\t\t\t<img loading=\"lazy\" decoding=\"async\" width=\"1102\" height=\"630\" src=\"https:\/\/torredonjimenoactualidad.com\/wp-content\/uploads\/2026\/06\/714284821_1341471301505128_324341691429423975_n-2.jpg\" class=\"attachment-full size-full wp-image-4863\" alt=\"\" srcset=\"https:\/\/torredonjimenoactualidad.com\/wp-content\/uploads\/2026\/06\/714284821_1341471301505128_324341691429423975_n-2.jpg 1102w, https:\/\/torredonjimenoactualidad.com\/wp-content\/uploads\/2026\/06\/714284821_1341471301505128_324341691429423975_n-2-300x172.jpg 300w, https:\/\/torredonjimenoactualidad.com\/wp-content\/uploads\/2026\/06\/714284821_1341471301505128_324341691429423975_n-2-1024x585.jpg 1024w, https:\/\/torredonjimenoactualidad.com\/wp-content\/uploads\/2026\/06\/714284821_1341471301505128_324341691429423975_n-2-768x439.jpg 768w\" sizes=\"auto, (max-width: 1102px) 100vw, 1102px\" \/>\t\t\t\t\t\t<\/div>\r\n\t\t\t\t\t\t\t\t\t\t\t\t\t<div class=\"premium-blog-thumbnail-overlay\">\r\n\t\t\t\t\t\t\t\t<a class=\"elementor-icon\" href=\"https:\/\/torredonjimenoactualidad.com\/index.php\/2026\/06\/03\/el-castillo-de-torredonjimeno-recibe-el-distintivo-sicted-y-refuerza-su-apuesta-por-la-excelencia-turistica\/\" target=\"_self\" aria-hidden=\"true\"><span>El Castillo de Torredonjimeno recibe el distintivo SICTED y refuerza su apuesta por la excelencia tur\u00edstica<\/span><\/a>\r\n\t\t\t\t\t\t\t<\/div>\r\n\t\t\t\t\t\t\t\t\t\t\t<\/div>\r\n\t\t\t\t\t\t\t\t\t\t\t\t<div class=\"premium-blog-content-wrapper \">\r\n\r\n\t\t\t\t\t<div class=\"premium-blog-inner-container\">\r\n\r\n\t\t\t\t\t\t\t\t\t\t\t\t\t\t<h2 class=\"premium-blog-entry-title\">\r\n\t\t\t<a href=\"https:\/\/torredonjimenoactualidad.com\/index.php\/2026\/06\/03\/el-castillo-de-torredonjimeno-recibe-el-distintivo-sicted-y-refuerza-su-apuesta-por-la-excelencia-turistica\/\" target=\"_self\">\r\n\t\t\t\tEl Castillo de Torredonjimeno recibe el distintivo SICTED y refuerza su apuesta por la excelencia tur\u00edstica\t\t\t<\/a>\r\n\t\t<\/h2>\r\n\t\t\t\t<div class=\"premium-blog-entry-meta\">\r\n\t\t\t\t\t\t\t<div class=\"premium-blog-post-author premium-blog-meta-data\">\r\n\t\t\t\t\t<i class=\"fa fa-user fa-fw\" aria-hidden=\"true\"><\/i>\r\n\t\t\t\t\t<a href=\"https:\/\/torredonjimenoactualidad.com\/index.php\/author\/alba-torres\/\" rel=\"author\">Alba Mar\u00eda Torres<\/a>\t\t\t\t<\/div>\r\n\t\t\t\r\n\t\t\t\t\t\t\t<span class=\"premium-blog-meta-separator\">\u2022<\/span>\r\n\t\t\t\t<div class=\"premium-blog-post-time premium-blog-meta-data\">\r\n\t\t\t\t\t<i class=\"fa fa-clock-o\" aria-hidden=\"true\"><\/i>\r\n\t\t\t\t\t<span>3 de junio de 2026<\/span>\r\n\t\t\t\t<\/div>\r\n\t\t\t\r\n\t\t\t\t\t\t\t<span class=\"premium-blog-meta-separator\">\u2022<\/span>\r\n\t\t\t\t<div class=\"premium-blog-post-categories premium-blog-meta-data\">\r\n\t\t\t\t\t<i class=\"fa fa-align-left fa-fw\" aria-hidden=\"true\"><\/i>\r\n\t\t\t\t\t<a href=\"https:\/\/torredonjimenoactualidad.com\/index.php\/category\/cultura\/\" rel=\"category tag\">cultura<\/a>\t\t\t\t<\/div>\r\n\t\t\t\r\n\t\t\t\t\t<\/div>\r\n\t\t\r\n\t\t\t\t\t<\/div>\r\n\r\n\t\t\t\t\t\t\t\t\t\t\r\n\t\t\t\t<\/div>\r\n\t\t\t<\/div>\r\n\t\t<\/div>\r\n\r\n\t\t\t\t<div class=\"premium-blog-post-outer-container\" data-total=\"7\">\r\n\t\t\t<div class=\"premium-blog-post-container premium-blog-skin-classic\">\r\n\t\t\t\t\t\t\t\t\t<div class=\"premium-blog-thumb-effect-wrapper\">\r\n\t\t\t\t\t\t<div class=\"premium-blog-thumbnail-container premium-blog-zoomin-effect\">\r\n\t\t\t\t\t\t\t<img loading=\"lazy\" decoding=\"async\" width=\"2268\" height=\"1296\" src=\"https:\/\/torredonjimenoactualidad.com\/wp-content\/uploads\/2026\/04\/0f3bcbe2-aa7b-4b87-bb0a-3ffa898143f5.jpg\" class=\"attachment-full size-full wp-image-4781\" alt=\"\" srcset=\"https:\/\/torredonjimenoactualidad.com\/wp-content\/uploads\/2026\/04\/0f3bcbe2-aa7b-4b87-bb0a-3ffa898143f5.jpg 2268w, https:\/\/torredonjimenoactualidad.com\/wp-content\/uploads\/2026\/04\/0f3bcbe2-aa7b-4b87-bb0a-3ffa898143f5-300x171.jpg 300w, https:\/\/torredonjimenoactualidad.com\/wp-content\/uploads\/2026\/04\/0f3bcbe2-aa7b-4b87-bb0a-3ffa898143f5-1024x585.jpg 1024w, https:\/\/torredonjimenoactualidad.com\/wp-content\/uploads\/2026\/04\/0f3bcbe2-aa7b-4b87-bb0a-3ffa898143f5-768x439.jpg 768w, https:\/\/torredonjimenoactualidad.com\/wp-content\/uploads\/2026\/04\/0f3bcbe2-aa7b-4b87-bb0a-3ffa898143f5-1536x878.jpg 1536w, https:\/\/torredonjimenoactualidad.com\/wp-content\/uploads\/2026\/04\/0f3bcbe2-aa7b-4b87-bb0a-3ffa898143f5-2048x1170.jpg 2048w\" sizes=\"auto, (max-width: 2268px) 100vw, 2268px\" \/>\t\t\t\t\t\t<\/div>\r\n\t\t\t\t\t\t\t\t\t\t\t\t\t<div class=\"premium-blog-thumbnail-overlay\">\r\n\t\t\t\t\t\t\t\t<a class=\"elementor-icon\" href=\"https:\/\/torredonjimenoactualidad.com\/index.php\/2026\/04\/22\/presentada-la-v-edicion-de-noches-en-el-castillo-con-un-cartel-de-primer-nivel-para-llenar-de-humor-las-noches-de-julio-en-torredonjimeno\/\" target=\"_self\" aria-hidden=\"true\"><span>Presentada la V edici\u00f3n de \u201cNoches en el Castillo\u201d con un cartel de primer nivel para llenar de humor las noches de julio en Torredonjimeno<\/span><\/a>\r\n\t\t\t\t\t\t\t<\/div>\r\n\t\t\t\t\t\t\t\t\t\t\t<\/div>\r\n\t\t\t\t\t\t\t\t\t\t\t\t<div class=\"premium-blog-content-wrapper \">\r\n\r\n\t\t\t\t\t<div class=\"premium-blog-inner-container\">\r\n\r\n\t\t\t\t\t\t\t\t\t\t\t\t\t\t<h2 class=\"premium-blog-entry-title\">\r\n\t\t\t<a href=\"https:\/\/torredonjimenoactualidad.com\/index.php\/2026\/04\/22\/presentada-la-v-edicion-de-noches-en-el-castillo-con-un-cartel-de-primer-nivel-para-llenar-de-humor-las-noches-de-julio-en-torredonjimeno\/\" target=\"_self\">\r\n\t\t\t\tPresentada la V edici\u00f3n de \u201cNoches en el Castillo\u201d con un cartel de primer nivel para llenar de humor las noches de julio en Torredonjimeno\t\t\t<\/a>\r\n\t\t<\/h2>\r\n\t\t\t\t<div class=\"premium-blog-entry-meta\">\r\n\t\t\t\t\t\t\t<div class=\"premium-blog-post-author premium-blog-meta-data\">\r\n\t\t\t\t\t<i class=\"fa fa-user fa-fw\" aria-hidden=\"true\"><\/i>\r\n\t\t\t\t\t<a href=\"https:\/\/torredonjimenoactualidad.com\/index.php\/author\/alba-torres\/\" rel=\"author\">Alba Mar\u00eda Torres<\/a>\t\t\t\t<\/div>\r\n\t\t\t\r\n\t\t\t\t\t\t\t<span class=\"premium-blog-meta-separator\">\u2022<\/span>\r\n\t\t\t\t<div class=\"premium-blog-post-time premium-blog-meta-data\">\r\n\t\t\t\t\t<i class=\"fa fa-clock-o\" aria-hidden=\"true\"><\/i>\r\n\t\t\t\t\t<span>22 de abril de 2026<\/span>\r\n\t\t\t\t<\/div>\r\n\t\t\t\r\n\t\t\t\t\t\t\t<span class=\"premium-blog-meta-separator\">\u2022<\/span>\r\n\t\t\t\t<div class=\"premium-blog-post-categories premium-blog-meta-data\">\r\n\t\t\t\t\t<i class=\"fa fa-align-left fa-fw\" aria-hidden=\"true\"><\/i>\r\n\t\t\t\t\t<a href=\"https:\/\/torredonjimenoactualidad.com\/index.php\/category\/cultura\/\" rel=\"category tag\">cultura<\/a>\t\t\t\t<\/div>\r\n\t\t\t\r\n\t\t\t\t\t<\/div>\r\n\t\t\r\n\t\t\t\t\t<\/div>\r\n\r\n\t\t\t\t\t\t\t\t\t\t\r\n\t\t\t\t<\/div>\r\n\t\t\t<\/div>\r\n\t\t<\/div>\r\n\r\n\t\t\t\t<div class=\"premium-blog-post-outer-container\" data-total=\"7\">\r\n\t\t\t<div class=\"premium-blog-post-container premium-blog-skin-classic\">\r\n\t\t\t\t\t\t\t\t\t<div class=\"premium-blog-thumb-effect-wrapper\">\r\n\t\t\t\t\t\t<div class=\"premium-blog-thumbnail-container premium-blog-zoomin-effect\">\r\n\t\t\t\t\t\t\t<img loading=\"lazy\" decoding=\"async\" width=\"900\" height=\"515\" src=\"https:\/\/torredonjimenoactualidad.com\/wp-content\/uploads\/2026\/03\/649648534_122117322741173202_8928434402551308284_n.jpg\" class=\"attachment-full size-full wp-image-4671\" alt=\"\" srcset=\"https:\/\/torredonjimenoactualidad.com\/wp-content\/uploads\/2026\/03\/649648534_122117322741173202_8928434402551308284_n.jpg 900w, https:\/\/torredonjimenoactualidad.com\/wp-content\/uploads\/2026\/03\/649648534_122117322741173202_8928434402551308284_n-300x172.jpg 300w, https:\/\/torredonjimenoactualidad.com\/wp-content\/uploads\/2026\/03\/649648534_122117322741173202_8928434402551308284_n-768x439.jpg 768w\" sizes=\"auto, (max-width: 900px) 100vw, 900px\" \/>\t\t\t\t\t\t<\/div>\r\n\t\t\t\t\t\t\t\t\t\t\t\t\t<div class=\"premium-blog-thumbnail-overlay\">\r\n\t\t\t\t\t\t\t\t<a class=\"elementor-icon\" href=\"https:\/\/torredonjimenoactualidad.com\/index.php\/2026\/03\/11\/el-ii-certamen-de-saetas-el-tostadillo-se-celebrara-en-torredonjimeno-el-proximo-20-de-marzo\/\" target=\"_self\" aria-hidden=\"true\"><span>El II Certamen de Saetas \u201cEl Tostadillo\u201d se celebrar\u00e1 en Torredonjimeno el pr\u00f3ximo 20 de marzo<\/span><\/a>\r\n\t\t\t\t\t\t\t<\/div>\r\n\t\t\t\t\t\t\t\t\t\t\t<\/div>\r\n\t\t\t\t\t\t\t\t\t\t\t\t<div class=\"premium-blog-content-wrapper \">\r\n\r\n\t\t\t\t\t<div class=\"premium-blog-inner-container\">\r\n\r\n\t\t\t\t\t\t\t\t\t\t\t\t\t\t<h2 class=\"premium-blog-entry-title\">\r\n\t\t\t<a href=\"https:\/\/torredonjimenoactualidad.com\/index.php\/2026\/03\/11\/el-ii-certamen-de-saetas-el-tostadillo-se-celebrara-en-torredonjimeno-el-proximo-20-de-marzo\/\" target=\"_self\">\r\n\t\t\t\tEl II Certamen de Saetas \u201cEl Tostadillo\u201d se celebrar\u00e1 en Torredonjimeno el pr\u00f3ximo 20 de marzo\t\t\t<\/a>\r\n\t\t<\/h2>\r\n\t\t\t\t<div class=\"premium-blog-entry-meta\">\r\n\t\t\t\t\t\t\t<div class=\"premium-blog-post-author premium-blog-meta-data\">\r\n\t\t\t\t\t<i class=\"fa fa-user fa-fw\" aria-hidden=\"true\"><\/i>\r\n\t\t\t\t\t<a href=\"https:\/\/torredonjimenoactualidad.com\/index.php\/author\/alba-torres\/\" rel=\"author\">Alba Mar\u00eda Torres<\/a>\t\t\t\t<\/div>\r\n\t\t\t\r\n\t\t\t\t\t\t\t<span class=\"premium-blog-meta-separator\">\u2022<\/span>\r\n\t\t\t\t<div class=\"premium-blog-post-time premium-blog-meta-data\">\r\n\t\t\t\t\t<i class=\"fa fa-clock-o\" aria-hidden=\"true\"><\/i>\r\n\t\t\t\t\t<span>11 de marzo de 2026<\/span>\r\n\t\t\t\t<\/div>\r\n\t\t\t\r\n\t\t\t\t\t\t\t<span class=\"premium-blog-meta-separator\">\u2022<\/span>\r\n\t\t\t\t<div class=\"premium-blog-post-categories premium-blog-meta-data\">\r\n\t\t\t\t\t<i class=\"fa fa-align-left fa-fw\" aria-hidden=\"true\"><\/i>\r\n\t\t\t\t\t<a href=\"https:\/\/torredonjimenoactualidad.com\/index.php\/category\/cultura\/\" rel=\"category tag\">cultura<\/a>\t\t\t\t<\/div>\r\n\t\t\t\r\n\t\t\t\t\t<\/div>\r\n\t\t\r\n\t\t\t\t\t<\/div>\r\n\r\n\t\t\t\t\t\t\t\t\t\t\r\n\t\t\t\t<\/div>\r\n\t\t\t<\/div>\r\n\t\t<\/div>\r\n\r\n\t\t\t\t<\/div>\r\n\r\n\t\t\t\t<\/div>\n\t\t\t\t<\/div>\n\t\t\t\t\t<\/div>\n\t\t<\/div>\n\t\t\t\t\t\t\t<\/div>\n\t\t<\/section>\n\t\t\t\t\t\t\t<\/div>\n\t\t","protected":false},"excerpt":{"rendered":"<p>El PSOE destaca las actuaciones impulsadas por el Gobierno de Espa\u00f1a en la comarca de Ja\u00e9n El PSOE destaca las actuaciones impulsadas por el Gobierno de Espa\u00f1a en la comarca de Ja\u00e9n Alba Mar\u00eda Torres \u2022 1 de agosto de 2026 \u2022 Sin categor\u00eda El Gobierno de Espa\u00f1a est\u00e1 movilizando en estas \u00faltimas semanas m\u00e1s &hellip;<\/p>\n<p class=\"read-more\"> <a class=\"\" href=\"https:\/\/torredonjimenoactualidad.com\/index.php\/2026\/03\/11\/el-ii-certamen-de-saetas-el-tostadillo-se-celebrara-en-torredonjimeno-el-proximo-20-de-marzo\/\"> <span class=\"screen-reader-text\">El II Certamen de Saetas \u201cEl Tostadillo\u201d se celebrar\u00e1 en Torredonjimeno el pr\u00f3ximo 20 de marzo<\/span> Leer m\u00e1s &raquo;<\/a><\/p>\n","protected":false},"author":1,"featured_media":0,"parent":0,"menu_order":0,"comment_status":"closed","ping_status":"closed","template":"","meta":{"site-sidebar-layout":"no-sidebar","site-content-layout":"page-builder","ast-global-header-display":"","ast-main-header-display":"","ast-hfb-above-header-display":"","ast-hfb-below-header-display":"","ast-hfb-mobile-header-display":"","site-post-title":"disabled","ast-breadcrumbs-content":"","ast-featured-img":"","footer-sml-layout":"","theme-transparent-header-meta":"","adv-header-id-meta":"","stick-header-meta":"","header-above-stick-meta":"","header-main-stick-meta":"","header-below-stick-meta":"","footnotes":""},"class_list":["post-10","page","type-page","status-publish","hentry"],"yoast_head":"<!-- This site is optimized with the Yoast SEO plugin v20.8 - https:\/\/yoast.com\/wordpress\/plugins\/seo\/ -->\n<title>INICIO - Torredonjimeno Actualidad<\/title>\n<meta name=\"robots\" content=\"index, follow, max-snippet:-1, max-image-preview:large, max-video-preview:-1\" \/>\n<link rel=\"canonical\" href=\"https:\/\/torredonjimenoactualidad.com\/\" \/>\n<meta property=\"og:locale\" content=\"es_ES\" \/>\n<meta property=\"og:type\" content=\"article\" \/>\n<meta property=\"og:title\" content=\"INICIO - Torredonjimeno Actualidad\" \/>\n<meta property=\"og:description\" content=\"El PSOE destaca las actuaciones impulsadas por el Gobierno de Espa\u00f1a en la comarca de Ja\u00e9n El PSOE destaca las actuaciones impulsadas por el Gobierno de Espa\u00f1a en la comarca de Ja\u00e9n Alba Mar\u00eda Torres \u2022 1 de agosto de 2026 \u2022 Sin categor\u00eda El Gobierno de Espa\u00f1a est\u00e1 movilizando en estas \u00faltimas semanas m\u00e1s &hellip; El II Certamen de Saetas \u201cEl Tostadillo\u201d se celebrar\u00e1 en Torredonjimeno el pr\u00f3ximo 20 de marzo Leer m\u00e1s &raquo;\" \/>\n<meta property=\"og:url\" content=\"https:\/\/torredonjimenoactualidad.com\/\" \/>\n<meta property=\"og:site_name\" content=\"Torredonjimeno Actualidad\" \/>\n<meta property=\"article:modified_time\" content=\"2026-08-03T05:04:48+00:00\" \/>\n<meta property=\"og:image\" content=\"https:\/\/torredonjimenoactualidad.com\/wp-content\/uploads\/2023\/03\/LA-MURA-1-enero23.gif\" \/>\n<meta name=\"twitter:card\" content=\"summary_large_image\" \/>\n<meta name=\"twitter:label1\" content=\"Tiempo de lectura\" \/>\n\t<meta name=\"twitter:data1\" content=\"19 minutos\" \/>\n<script type=\"application\/ld+json\" class=\"yoast-schema-graph\">{\"@context\":\"https:\/\/schema.org\",\"@graph\":[{\"@type\":\"WebPage\",\"@id\":\"https:\/\/torredonjimenoactualidad.com\/\",\"url\":\"https:\/\/torredonjimenoactualidad.com\/\",\"name\":\"INICIO - Torredonjimeno Actualidad\",\"isPartOf\":{\"@id\":\"https:\/\/torredonjimenoactualidad.com\/#website\"},\"datePublished\":\"2023-02-23T09:40:13+00:00\",\"dateModified\":\"2026-08-03T05:04:48+00:00\",\"breadcrumb\":{\"@id\":\"https:\/\/torredonjimenoactualidad.com\/#breadcrumb\"},\"inLanguage\":\"es\",\"potentialAction\":[{\"@type\":\"ReadAction\",\"target\":[\"https:\/\/torredonjimenoactualidad.com\/\"]}]},{\"@type\":\"BreadcrumbList\",\"@id\":\"https:\/\/torredonjimenoactualidad.com\/#breadcrumb\",\"itemListElement\":[{\"@type\":\"ListItem\",\"position\":1,\"name\":\"Portada\",\"item\":\"https:\/\/torredonjimenoactualidad.com\/\"},{\"@type\":\"ListItem\",\"position\":2,\"name\":\"INICIO\"}]},{\"@type\":\"WebSite\",\"@id\":\"https:\/\/torredonjimenoactualidad.com\/#website\",\"url\":\"https:\/\/torredonjimenoactualidad.com\/\",\"name\":\"Torredonjimeno Actualidad\",\"description\":\"\",\"publisher\":{\"@id\":\"https:\/\/torredonjimenoactualidad.com\/#organization\"},\"potentialAction\":[{\"@type\":\"SearchAction\",\"target\":{\"@type\":\"EntryPoint\",\"urlTemplate\":\"https:\/\/torredonjimenoactualidad.com\/?s={search_term_string}\"},\"query-input\":\"required name=search_term_string\"}],\"inLanguage\":\"es\"},{\"@type\":\"Organization\",\"@id\":\"https:\/\/torredonjimenoactualidad.com\/#organization\",\"name\":\"Torredonjimeno Actualidad\",\"url\":\"https:\/\/torredonjimenoactualidad.com\/\",\"logo\":{\"@type\":\"ImageObject\",\"inLanguage\":\"es\",\"@id\":\"https:\/\/torredonjimenoactualidad.com\/#\/schema\/logo\/image\/\",\"url\":\"https:\/\/torredonjimenoactualidad.com\/wp-content\/uploads\/2023\/02\/logo-torredonjimeno-544x180-1.png\",\"contentUrl\":\"https:\/\/torredonjimenoactualidad.com\/wp-content\/uploads\/2023\/02\/logo-torredonjimeno-544x180-1.png\",\"width\":545,\"height\":112,\"caption\":\"Torredonjimeno Actualidad\"},\"image\":{\"@id\":\"https:\/\/torredonjimenoactualidad.com\/#\/schema\/logo\/image\/\"}}]}<\/script>\n<!-- \/ Yoast SEO plugin. -->","yoast_head_json":{"title":"INICIO - Torredonjimeno Actualidad","robots":{"index":"index","follow":"follow","max-snippet":"max-snippet:-1","max-image-preview":"max-image-preview:large","max-video-preview":"max-video-preview:-1"},"canonical":"https:\/\/torredonjimenoactualidad.com\/","og_locale":"es_ES","og_type":"article","og_title":"INICIO - Torredonjimeno Actualidad","og_description":"El PSOE destaca las actuaciones impulsadas por el Gobierno de Espa\u00f1a en la comarca de Ja\u00e9n El PSOE destaca las actuaciones impulsadas por el Gobierno de Espa\u00f1a en la comarca de Ja\u00e9n Alba Mar\u00eda Torres \u2022 1 de agosto de 2026 \u2022 Sin categor\u00eda El Gobierno de Espa\u00f1a est\u00e1 movilizando en estas \u00faltimas semanas m\u00e1s &hellip; El II Certamen de Saetas \u201cEl Tostadillo\u201d se celebrar\u00e1 en Torredonjimeno el pr\u00f3ximo 20 de marzo Leer m\u00e1s &raquo;","og_url":"https:\/\/torredonjimenoactualidad.com\/","og_site_name":"Torredonjimeno Actualidad","article_modified_time":"2026-08-03T05:04:48+00:00","og_image":[{"url":"https:\/\/torredonjimenoactualidad.com\/wp-content\/uploads\/2023\/03\/LA-MURA-1-enero23.gif"}],"twitter_card":"summary_large_image","twitter_misc":{"Tiempo de lectura":"19 minutos"},"schema":{"@context":"https:\/\/schema.org","@graph":[{"@type":"WebPage","@id":"https:\/\/torredonjimenoactualidad.com\/","url":"https:\/\/torredonjimenoactualidad.com\/","name":"INICIO - Torredonjimeno Actualidad","isPartOf":{"@id":"https:\/\/torredonjimenoactualidad.com\/#website"},"datePublished":"2023-02-23T09:40:13+00:00","dateModified":"2026-08-03T05:04:48+00:00","breadcrumb":{"@id":"https:\/\/torredonjimenoactualidad.com\/#breadcrumb"},"inLanguage":"es","potentialAction":[{"@type":"ReadAction","target":["https:\/\/torredonjimenoactualidad.com\/"]}]},{"@type":"BreadcrumbList","@id":"https:\/\/torredonjimenoactualidad.com\/#breadcrumb","itemListElement":[{"@type":"ListItem","position":1,"name":"Portada","item":"https:\/\/torredonjimenoactualidad.com\/"},{"@type":"ListItem","position":2,"name":"INICIO"}]},{"@type":"WebSite","@id":"https:\/\/torredonjimenoactualidad.com\/#website","url":"https:\/\/torredonjimenoactualidad.com\/","name":"Torredonjimeno Actualidad","description":"","publisher":{"@id":"https:\/\/torredonjimenoactualidad.com\/#organization"},"potentialAction":[{"@type":"SearchAction","target":{"@type":"EntryPoint","urlTemplate":"https:\/\/torredonjimenoactualidad.com\/?s={search_term_string}"},"query-input":"required name=search_term_string"}],"inLanguage":"es"},{"@type":"Organization","@id":"https:\/\/torredonjimenoactualidad.com\/#organization","name":"Torredonjimeno Actualidad","url":"https:\/\/torredonjimenoactualidad.com\/","logo":{"@type":"ImageObject","inLanguage":"es","@id":"https:\/\/torredonjimenoactualidad.com\/#\/schema\/logo\/image\/","url":"https:\/\/torredonjimenoactualidad.com\/wp-content\/uploads\/2023\/02\/logo-torredonjimeno-544x180-1.png","contentUrl":"https:\/\/torredonjimenoactualidad.com\/wp-content\/uploads\/2023\/02\/logo-torredonjimeno-544x180-1.png","width":545,"height":112,"caption":"Torredonjimeno Actualidad"},"image":{"@id":"https:\/\/torredonjimenoactualidad.com\/#\/schema\/logo\/image\/"}}]}},"_links":{"self":[{"href":"https:\/\/torredonjimenoactualidad.com\/index.php\/wp-json\/wp\/v2\/pages\/10","targetHints":{"allow":["GET"]}}],"collection":[{"href":"https:\/\/torredonjimenoactualidad.com\/index.php\/wp-json\/wp\/v2\/pages"}],"about":[{"href":"https:\/\/torredonjimenoactualidad.com\/index.php\/wp-json\/wp\/v2\/types\/page"}],"author":[{"embeddable":true,"href":"https:\/\/torredonjimenoactualidad.com\/index.php\/wp-json\/wp\/v2\/users\/1"}],"replies":[{"embeddable":true,"href":"https:\/\/torredonjimenoactualidad.com\/index.php\/wp-json\/wp\/v2\/comments?post=10"}],"version-history":[{"count":853,"href":"https:\/\/torredonjimenoactualidad.com\/index.php\/wp-json\/wp\/v2\/pages\/10\/revisions"}],"predecessor-version":[{"id":4932,"href":"https:\/\/torredonjimenoactualidad.com\/index.php\/wp-json\/wp\/v2\/pages\/10\/revisions\/4932"}],"wp:attachment":[{"href":"https:\/\/torredonjimenoactualidad.com\/index.php\/wp-json\/wp\/v2\/media?parent=10"}],"curies":[{"name":"wp","href":"https:\/\/api.w.org\/{rel}","templated":true}]}}